{"id":1058,"date":"2022-04-13T09:46:43","date_gmt":"2022-04-13T07:46:43","guid":{"rendered":"http:\/\/wordpress-relaunch.p543535.webspaceconfig.de\/?page_id=1058"},"modified":"2026-06-19T17:24:19","modified_gmt":"2026-06-19T15:24:19","slug":"karriere-landingpage","status":"publish","type":"page","link":"https:\/\/emg-gmbh.de\/en\/karriere-landingpage\/","title":{"rendered":"Karriere Landingpage"},"content":{"rendered":"<p>[et_pb_section fb_built=&#8220;1&#8243; fullwidth=&#8220;on&#8220; admin_label=&#8220;Header-Bild&#8220; module_id=&#8220;header-slider&#8220; _builder_version=&#8220;4.16&#8243; _module_preset=&#8220;default&#8220; bottom_divider_style=&#8220;slant2&#8243; bottom_divider_color=&#8220;#FFFFFF&#8220; global_colors_info=&#8220;{}&#8220;][et_pb_fullwidth_image src=&#8220;https:\/\/emg-gmbh.de\/wp-content\/uploads\/2023\/02\/EM-Geraetebau-Mammendorf-bleche-stanzen-lasern.jpg&#8220; alt=&#8220;Stanzen&#8220; title_text=&#8220;Stanzen&#8220; src_tablet=&#8220;https:\/\/emg-gmbh.de\/wp-content\/uploads\/2023\/02\/EM-Geraetebau-Mammendorf-Stanzen.jpg&#8220; src_phone=&#8220;https:\/\/emg-gmbh.de\/wp-content\/uploads\/2023\/02\/EM-Geraetebau-Mammendorf-Stanzen.jpg&#8220; src_last_edited=&#8220;on|phone&#8220; _builder_version=&#8220;4.27.4&#8243; _module_preset=&#8220;default&#8220; global_colors_info=&#8220;{}&#8220;][\/et_pb_fullwidth_image][\/et_pb_section][et_pb_section fb_built=&#8220;1&#8243; admin_label=&#8220;Nur H1&#8243; module_id=&#8220;h1-container-absolut&#8220; module_class=&#8220;center-text&#8220; _builder_version=&#8220;4.16&#8243; _module_preset=&#8220;default&#8220; global_colors_info=&#8220;{}&#8220;][et_pb_row _builder_version=&#8220;4.16&#8243; _module_preset=&#8220;default&#8220; global_colors_info=&#8220;{}&#8220;][et_pb_column type=&#8220;4_4&#8243; _builder_version=&#8220;4.16&#8243; _module_preset=&#8220;default&#8220; global_colors_info=&#8220;{}&#8220;][et_pb_text admin_label=&#8220;H1&#8243; _builder_version=&#8220;4.19.5&#8243; _module_preset=&#8220;default&#8220; global_colors_info=&#8220;{}&#8220;]<\/p>\n<h1>Karriere bei EM Ger\u00e4tebau GmbH<\/h1>\n<p>[\/et_pb_text][et_pb_button button_url=&#8220;#bewerbungsformular&#8220; button_text=&#8220;Jetzt bewerben&#8220; _builder_version=&#8220;4.19.5&#8243; _module_preset=&#8220;default&#8220; global_colors_info=&#8220;{}&#8220;][\/et_pb_button][\/et_pb_column][\/et_pb_row][\/et_pb_section][et_pb_section fb_built=&#8220;1&#8243; admin_label=&#8220;Text-Abschnitt&#8220; _builder_version=&#8220;4.16&#8243; _module_preset=&#8220;default&#8220; global_colors_info=&#8220;{}&#8220;][et_pb_row column_structure=&#8220;1_2,1_2&#8243; _builder_version=&#8220;4.16&#8243; _module_preset=&#8220;default&#8220; global_colors_info=&#8220;{}&#8220;][et_pb_column type=&#8220;1_2&#8243; _builder_version=&#8220;4.16&#8243; _module_preset=&#8220;default&#8220; global_colors_info=&#8220;{}&#8220;][et_pb_text admin_label=&#8220;Top-Line&#8220; module_class=&#8220;text-top-line&#8220; _builder_version=&#8220;4.19.5&#8243; _module_preset=&#8220;default&#8220; global_colors_info=&#8220;{}&#8220;]<\/p>\n<p>Jobs in Mammendorf bei M\u00fcnchen<\/p>\n<p>[\/et_pb_text][et_pb_text admin_label=&#8220;H2&#8243; _builder_version=&#8220;4.19.5&#8243; _module_preset=&#8220;default&#8220; global_colors_info=&#8220;{}&#8220;]<\/p>\n<h2>Unsere Unternehmenskultur<\/h2>\n<p>[\/et_pb_text][et_pb_text _builder_version=&#8220;4.19.5&#8243; _module_preset=&#8220;default&#8220; global_colors_info=&#8220;{}&#8220;]<\/p>\n<p>Die EM Ger\u00e4tebau blickt auf eine langj\u00e4hrige Geschichte im Bereich der Blechbearbeitung zur\u00fcck. Gemeinsam sind wir mit allen Herausforderungen der letzten Jahre und Jahrzehnte gewachsen. Wir sind stolz auf unser erfahrenes und loyales Team.<\/p>\n<p>&nbsp;<\/p>\n<p>Jeder Einzelne ist ein Experte auf seinem Gebiet, aber alle arbeiten auf Augenh\u00f6he zusammen. Unsere Mitarbeiter profitieren von kurzen Entscheidungswegen, einem gesunden Ma\u00df an Verantwortung und Eigenorganisation und einem kollegialen offenen Austausch untereinander. Bei uns steht jede T\u00fcr f\u00fcr jedermann offen.<\/p>\n<p>[\/et_pb_text][et_pb_image src=&#8220;https:\/\/emg-gmbh.de\/wp-content\/uploads\/2023\/02\/EM-Geraetebau-Mammendorf-Metallinnung-Logo-1.jpg&#8220; alt=&#8220;Fachbetrieb der Metallinnung&#8220; title_text=&#8220;Fachbetrieb der Metallinnung&#8220; _builder_version=&#8220;4.19.5&#8243; _module_preset=&#8220;default&#8220; max_width=&#8220;300px&#8220; global_colors_info=&#8220;{}&#8220;][\/et_pb_image][\/et_pb_column][et_pb_column type=&#8220;1_2&#8243; _builder_version=&#8220;4.16&#8243; _module_preset=&#8220;default&#8220; global_colors_info=&#8220;{}&#8220;][et_pb_image src=&#8220;https:\/\/emg-gmbh.de\/wp-content\/uploads\/2026\/05\/EM-Geraetebau-Enrico-Nerger.jpg&#8220; alt=&#8220;Enrico-Nerger&#8220; title_text=&#8220;Enrico-Nerger&#8220; _builder_version=&#8220;4.27.6&#8243; _module_preset=&#8220;default&#8220; animation_style=&#8220;flip&#8220; animation_direction=&#8220;left&#8220; animation_delay=&#8220;200ms&#8220; hover_enabled=&#8220;0&#8243; global_colors_info=&#8220;{}&#8220; sticky_enabled=&#8220;0&#8243;][\/et_pb_image][\/et_pb_column][\/et_pb_row][\/et_pb_section][et_pb_section fb_built=&#8220;1&#8243; admin_label=&#8220;Mitarbeitervorteile&#8220; module_id=&#8220;kundenstimmen-container&#8220; module_class=&#8220;bg-light-grey&#8220; _builder_version=&#8220;4.19.5&#8243; _module_preset=&#8220;default&#8220; background_enable_image=&#8220;off&#8220; parallax=&#8220;on&#8220; global_colors_info=&#8220;{}&#8220;][et_pb_row module_class=&#8220;center-text&#8220; _builder_version=&#8220;4.16&#8243; _module_preset=&#8220;default&#8220; global_colors_info=&#8220;{}&#8220;][et_pb_column type=&#8220;4_4&#8243; _builder_version=&#8220;4.16&#8243; _module_preset=&#8220;default&#8220; global_colors_info=&#8220;{}&#8220;][et_pb_text admin_label=&#8220;Top-Line&#8220; module_class=&#8220;text-top-line&#8220; _builder_version=&#8220;4.19.5&#8243; _module_preset=&#8220;default&#8220; global_colors_info=&#8220;{}&#8220;]<\/p>\n<p>Ihre Vorteile bei uns<\/p>\n<p>[\/et_pb_text][et_pb_text admin_label=&#8220;H2&#8243; _builder_version=&#8220;4.17.0&#8243; _module_preset=&#8220;default&#8220; global_colors_info=&#8220;{}&#8220;]<\/p>\n<h2>Diese Vorteile haben Sie sich verdient<\/h2>\n<p>[\/et_pb_text][\/et_pb_column][\/et_pb_row][et_pb_row _builder_version=&#8220;4.16&#8243; _module_preset=&#8220;default&#8220; global_colors_info=&#8220;{}&#8220;][et_pb_column type=&#8220;4_4&#8243; _builder_version=&#8220;4.16&#8243; _module_preset=&#8220;default&#8220; global_colors_info=&#8220;{}&#8220;][dmpro_carousel columns=&#8220;2&#8243; space_between=&#8220;60&#8243; container_padding=&#8220;0px|30px||30px|false|false&#8220; loop=&#8220;on&#8220; autoplay=&#8220;on&#8220; navigation=&#8220;on&#8220; navigation_size=&#8220;26&#8243; navigation_padding=&#8220;0&#8243; navigation_position_left=&#8220;-30px&#8220; navigation_position_right=&#8220;-30px&#8220; columns_tablet=&#8220;2&#8243; columns_phone=&#8220;1&#8243; columns_last_edited=&#8220;on|phone&#8220; navigation_position_left_tablet=&#8220;-30px&#8220; navigation_position_left_phone=&#8220;-15px&#8220; navigation_position_left_last_edited=&#8220;on|phone&#8220; navigation_position_right_tablet=&#8220;-30px&#8220; navigation_position_right_phone=&#8220;-15px&#8220; navigation_position_right_last_edited=&#8220;on|phone&#8220; _builder_version=&#8220;4.27.4&#8243; _module_preset=&#8220;default&#8220; global_colors_info=&#8220;{}&#8220;][dmpro_carousel_child title=&#8220;Arbeiten in Mammendorf&#8220; use_icon=&#8220;on&#8220; carousel_icon=&#8220;&#xe01d;||divi||400&#8243; text_title=&#8220;Arbeiten in Mammendorf&#8220; desc_text=&#8220;<\/p>\n<div class=%22et_pb_module et_pb_text et_pb_text_5  et_pb_text_align_left et_pb_bg_layout_light%22>\n<div class=%22et_pb_text_inner%22>\n<p style=%22text-align: center;%22>Unser Standort ist dank der N\u00e4he zur A8 und A96 gut von \u00fcberall aus erreichbar. Mit dem \u00d6PNV erreichst Du uns aus dem Raum M\u00fcnchen mit der S-Bahn-Linie S3 in Richtung Mammendorf und aus Augsburg und Ingolstadt mit der Regionalbahn. Im Falle eines beruflich veranlassten Umzuges helfen wir gerne aus.<\/p>\n<\/div>\n<\/div>\n<p>&#8220; _builder_version=&#8220;4.27.4&#8243; _module_preset=&#8220;default&#8220; title_level=&#8220;h3&#8243; module_alignment=&#8220;center&#8220; global_colors_info=&#8220;{}&#8220;][\/dmpro_carousel_child][dmpro_carousel_child title=&#8220;Attraktive Sozialleistungen&#8220; use_icon=&#8220;on&#8220; carousel_icon=&#8220;&#xe100;||divi||400&#8243; text_title=&#8220;Attraktive Sozialleistungen&#8220; desc_text=&#8220;<\/p>\n<div class=%22et_pb_module et_pb_text et_pb_text_5  et_pb_text_align_left et_pb_bg_layout_light%22>\n<div class=%22et_pb_text_inner%22>\n<p style=%22text-align: center;%22>Als Arbeitgeber \u00fcbernehmen wir Verantwortung f\u00fcr die Vorsorge unserer Mitarbeiter. Wir bieten M\u00f6glichkeiten der betrieblichen Altersvorsorge, verm\u00f6genswirksame Leistungen sowie leistungs- und ergebnisabh\u00e4ngige Pr\u00e4mien und Bonuszahlungen. Dar\u00fcber hinaus erhalten unsere Mitarbeitenden Fahrtkostenzuschu\u0308sse f\u00fcr PWK und \u00d6PNV sowie die M\u00f6glichkeit eines unserer Dienstfahrr\u00e4der zu nutzen.<\/p>\n<\/div>\n<\/div>\n<p>&#8220; _builder_version=&#8220;4.27.4&#8243; _module_preset=&#8220;default&#8220; title_level=&#8220;h3&#8243; global_colors_info=&#8220;{}&#8220;][\/dmpro_carousel_child][dmpro_carousel_child title=&#8220;Weiterbildung&#8220; use_icon=&#8220;on&#8220; carousel_icon=&#8220;&#xe021;||divi||400&#8243; text_title=&#8220;Weiterbildung&#8220; desc_text=&#8220;<\/p>\n<div class=%22et_pb_module et_pb_text et_pb_text_5  et_pb_text_align_left et_pb_bg_layout_light%22>\n<div class=%22et_pb_text_inner%22>\n<p style=%22text-align: center;%22>Die Entwicklungspotenziale und die Innovationsgeschwindigkeit unserer Branche sind Herausforderungen, denen wir nur mit einem gut ausgebildeten Team entgegentreten k\u00f6nnen. Deswegen setzen wir auf betriebsnotwendige, gezielte Weiterbildungsm\u00f6glichkeiten. Dar\u00fcber unterst\u00fctzen wir die individuelle Karriereentwicklung junger Fachkr\u00e4fte, wie zum Beispiel die Weiterbildung zum\/zur Betriebswirt\/in oder Metallbautechniker\/in.<\/p>\n<\/div>\n<\/div>\n<p>&#8220; _builder_version=&#8220;4.27.4&#8243; _module_preset=&#8220;default&#8220; title_level=&#8220;h3&#8243; global_colors_info=&#8220;{}&#8220;][\/dmpro_carousel_child][dmpro_carousel_child title=&#8220;Arbeiten bei EM Ger\u00e4tebau&#8220; use_icon=&#8220;on&#8220; carousel_icon=&#8220;&#xe030;||divi||400&#8243; text_title=&#8220;Arbeiten bei EM Ger\u00e4tebau&#8220; desc_text=&#8220;<\/p>\n<div class=%22et_pb_module et_pb_text et_pb_text_5  et_pb_text_align_left et_pb_bg_layout_light%22>\n<div class=%22et_pb_text_inner%22>\n<p style=%22text-align: center;%22>Bei EM-Ger\u00e4tebau erwartet Dich ein gut eingespieltes, famili\u00e4res Team. Die gesunde Mischung aus \u00e4lteren, erfahrenen Mitarbeitern und jungen Kollegen ist f\u00fcr uns ein entscheidender Erfolgsfaktor f\u00fcr das Unternehmen und f\u00fcr ein gutes Betriebsklima. Highlights sind unser allj\u00e4hrliches Sommerfest auf dem Betriebsgel\u00e4nde, die Weihnachtsfeier und weitere \u00dcberraschungs-Schmankerl. Wir schaffen die Rahmenbedingungen mit zeitgem\u00e4\u00dfen Arbeitsmitteln und einem modernen Maschinenpark. Au\u00dferdem gilt eine betriebliche Gleitzeit mit der M\u00f6glichkeit auf Freizeitausgleich.<\/p>\n<\/div>\n<\/div>\n<p>&#8220; _builder_version=&#8220;4.27.4&#8243; _module_preset=&#8220;default&#8220; title_level=&#8220;h3&#8243; global_colors_info=&#8220;{}&#8220;][\/dmpro_carousel_child][\/dmpro_carousel][\/et_pb_column][\/et_pb_row][\/et_pb_section][et_pb_section fb_built=&#8220;1&#8243; module_id=&#8220;ausbildung&#8220; _builder_version=&#8220;4.27.6&#8243; _module_preset=&#8220;default&#8220; global_colors_info=&#8220;{}&#8220;][et_pb_row column_structure=&#8220;1_2,1_2&#8243; _builder_version=&#8220;4.27.6&#8243; _module_preset=&#8220;default&#8220; global_colors_info=&#8220;{}&#8220;][et_pb_column type=&#8220;1_2&#8243; _builder_version=&#8220;4.27.6&#8243; _module_preset=&#8220;default&#8220; global_colors_info=&#8220;{}&#8220;][dmpro_masonry_gallery images=&#8220;2489,2493,2492,2491&#8243; columns=&#8220;2&#8243; _builder_version=&#8220;4.27.6&#8243; _module_preset=&#8220;default&#8220; global_colors_info=&#8220;{}&#8220;][\/dmpro_masonry_gallery][\/et_pb_column][et_pb_column type=&#8220;1_2&#8243; _builder_version=&#8220;4.27.6&#8243; _module_preset=&#8220;default&#8220; global_colors_info=&#8220;{}&#8220;][et_pb_text admin_label=&#8220;Top-Line&#8220; module_class=&#8220;text-top-line&#8220; _builder_version=&#8220;4.27.6&#8243; _module_preset=&#8220;default&#8220; global_colors_info=&#8220;{}&#8220;]<\/p>\n<p>Dein Start ins Berufsleben<\/p>\n<p>[\/et_pb_text][et_pb_text admin_label=&#8220;H2&#8243; _builder_version=&#8220;4.27.6&#8243; _module_preset=&#8220;default&#8220; global_colors_info=&#8220;{}&#8220;]<\/p>\n<h2>Ausbildung bei EMG<\/h2>\n<p>[\/et_pb_text][et_pb_text _builder_version=&#8220;4.27.6&#8243; _module_preset=&#8220;default&#8220; global_colors_info=&#8220;{}&#8220;]<\/p>\n<p>Starte deine berufliche Zukunft bei EM Ger\u00e4tebau und werde Teil eines famili\u00e4ren Teams, das dich von Anfang an unterst\u00fctzt. In deiner Ausbildung erwarten dich spannende Einblicke in die moderne Blechbearbeitung, qualifizierte Ausbilder und sehr gute Perspektiven f\u00fcr deine pers\u00f6nliche und fachliche Entwicklung. Wir freuen uns auf junge Talente, die mit Motivation, Teamgeist und handwerklichem Interesse etwas bewegen m\u00f6chten. <\/p>\n<p>[\/et_pb_text][\/et_pb_column][\/et_pb_row][et_pb_row column_structure=&#8220;1_2,1_2&#8243; _builder_version=&#8220;4.16&#8243; _module_preset=&#8220;default&#8220; global_colors_info=&#8220;{}&#8220;][et_pb_column type=&#8220;1_2&#8243; _builder_version=&#8220;4.16&#8243; _module_preset=&#8220;default&#8220; global_colors_info=&#8220;{}&#8220;][et_pb_text admin_label=&#8220;H2&#8243; _builder_version=&#8220;4.27.6&#8243; _module_preset=&#8220;default&#8220; custom_margin=&#8220;||27px|||&#8220; global_colors_info=&#8220;{}&#8220;]<\/p>\n<h2>Das bilden wir aus<\/h2>\n<p>[\/et_pb_text][et_pb_accordion toggle_icon=&#8220;&#x3d;||divi||400&#8243; _builder_version=&#8220;4.27.6&#8243; _module_preset=&#8220;default&#8220; toggle_level=&#8220;h3&#8243; global_colors_info=&#8220;{}&#8220;][et_pb_accordion_item title=&#8220;Ausbildung zur Fachkraft f\u00fcr Metalltechnik (m\/w\/d) September 2026&#8243; open=&#8220;on&#8220; _builder_version=&#8220;4.27.4&#8243; _module_preset=&#8220;default&#8220; global_colors_info=&#8220;{}&#8220;]<\/p>\n<h4>Wir zeigen klare Kante \u2013 die EM Ger\u00e4tebau GmbH in Mammendorf!<\/h4>\n<p>Sie sind motiviert, dynamisch, und m\u00f6chten Verantwortung \u00fcbernehmen? Dann sind Sie bei uns genau richtig!<\/p>\n<p>Wir, die EM Ger\u00e4tebau GmbH, suchen f\u00fcr den September 2026 Schulabg\u00e4nger f\u00fcr die Ausbildung zur Fachkraft f\u00fcr Metalltechnik (m\/w\/d), um unsere Zukunft gepr\u00e4gt von Wachstum, Kundenorientierung, Qualit\u00e4t, und Liefertreue erfolgreich zu gestalten!<\/p>\n<p>&nbsp;<\/p>\n<h5><strong>Ihre Aufgaben:<\/strong><\/h5>\n<ul>\n<li>2-j\u00e4hrige Ausbildung mit Schwerpunkt Zerspannungstechnik oder Umformtechnik<\/li>\n<li>Besuch der Berufsschule mit Blockunterricht<\/li>\n<li>Lernen der Herstellung von feinmechanischen Geh\u00e4usen und Bauteilen<\/li>\n<li>Pr\u00fcfung der Eigenschaften von Metallen und Werkstoffen<\/li>\n<li>Auswahl geeigneter Werkzeuge und Maschinen f\u00fcr die Arbeitsschritte<\/li>\n<li>Instandhaltung der Maschinen und Anlagen<\/li>\n<li>Einstellung und Steuerung der Maschinen und Anlagen<\/li>\n<li>Manuelle Fertigung in den Bereichen Feilen, Fr\u00e4sen, Bohren, Drehen, Schwei\u00dfen<\/li>\n<\/ul>\n<h5><strong>Wir bieten:<\/strong><\/h5>\n<ul>\n<li>Eine spannende und sehr praxisnahe 2-j\u00e4hrige Ausbildung<\/li>\n<li>Eigene Gestaltungsm\u00f6glichkeiten und gute Zukunftsperspektiven<\/li>\n<li>Qualifizierte Ausbilder, die Sie in Ihrer fachlichen und pers\u00f6nlichen Weiterentwicklung unterst\u00fctzen<\/li>\n<li>Famili\u00e4res Arbeitsumfeld, in dem wir die Vornamen unserer Kollegen besser kennen als deren Nachnamen<\/li>\n<li>Flache Hierarchien mit kurzen Kommunikationswegen und \u201eChefs zum Anfassen\u201c<\/li>\n<li>Offene T\u00fcren und Ohren f\u00fcr Anregungen und Anmerkungen<\/li>\n<li>Verst\u00e4ndnisvolle und hilfsbereite Kollegen<\/li>\n<li>Faire Ausbildungsverg\u00fctung mit umfangreichen sozialen Leistungen (z.B. Urlaubs- und Weihnachtsgeld)<\/li>\n<li>Sehr gute \u00dcbernahmechancen nach einem erfolgreichen Abschluss<\/li>\n<li>F\u00f6rderung und Unterst\u00fctzung der beruflichen und pers\u00f6nlichen Weiterbildung<\/li>\n<li>Betriebliche Gesundheitsvorsorge in Form eines Dienstfahrrades<\/li>\n<\/ul>\n<h5><strong>Wir suchen:<\/strong><\/h5>\n<ul>\n<li>qualifizierter Mittelschulabschluss<\/li>\n<li>technisches Verst\u00e4ndnis und handwerkliches Geschick<\/li>\n<li>r\u00e4umliches Vorstellungsverm\u00f6gen<\/li>\n<li>hohes Ma\u00df an Qualit\u00e4ts- und Terminbewusstsein<\/li>\n<li>Freude an der Arbeit und im Team<\/li>\n<li>Interesse und Engagement f\u00fcr das Metallhandwerk<\/li>\n<\/ul>\n<p>[\/et_pb_accordion_item][et_pb_accordion_item title=&#8220;Ausbildung als Maschinen- und Anlagenf\u00fchrer (m\/w\/d) September 2026&#8243; _builder_version=&#8220;4.27.4&#8243; _module_preset=&#8220;default&#8220; global_colors_info=&#8220;{}&#8220; open=&#8220;off&#8220;]<\/p>\n<h4>Wir zeigen klare Kante \u2013 die EM Ger\u00e4tebau GmbH in Mammendorf!<\/h4>\n<p>Sie sind motiviert, dynamisch, und m\u00f6chten Verantwortung \u00fcbernehmen? Dann sind Sie bei uns genau richtig!<\/p>\n<p>Wir, die EM Ger\u00e4tebau GmbH, suchen f\u00fcr den September 2026 Schulabg\u00e4nger f\u00fcr die Ausbildung als Maschinen- und Anlagenf\u00fchrer (m\/w\/d), um unsere Zukunft gepr\u00e4gt von Wachstum, Kundenorientierung, Qualit\u00e4t, und Liefertreue erfolgreich zu gestalten!<\/p>\n<p>&nbsp;<\/p>\n<h5><strong>Ihre Aufgaben:<\/strong><\/h5>\n<ul>\n<li>2-j\u00e4hrige Ausbildung<\/li>\n<li>Besuch der Berufsschule mit Blockunterricht<\/li>\n<li>Fachgerechtes Einrichten, Umr\u00fcsten und in Betrieb nehmen der Produktionsanlagen<\/li>\n<li>Wartung der Maschinen<\/li>\n<li>\u00dcberwachung des Produktionsprozesses und erkennen und beheben von St\u00f6rungen<\/li>\n<li>Manuelle Fertigung in den Bereichen Feilen, Fr\u00e4sen, Bohren, Drehen, Schwei\u00dfen<\/li>\n<\/ul>\n<h5><strong>Wir bieten:<\/strong><\/h5>\n<ul>\n<li>Eine spannende und sehr praxisnahe 2-j\u00e4hrige Ausbildung<\/li>\n<li>Eigene Gestaltungsm\u00f6glichkeiten und gute Zukunftsperspektiven<\/li>\n<li>Qualifizierte Ausbilder, die Sie in Ihrer fachlichen und pers\u00f6nlichen Weiterentwicklung unterst\u00fctzen<\/li>\n<li>Famili\u00e4res Arbeitsumfeld, in dem wir die Vornamen unserer Kollegen besser kennen als deren Nachnamen<\/li>\n<li>Flache Hierarchien mit kurzen Kommunikationswegen und \u201eChefs zum Anfassen\u201c<\/li>\n<li>Offene T\u00fcren und Ohren f\u00fcr Anregungen und Anmerkungen<\/li>\n<li>Verst\u00e4ndnisvolle und hilfsbereite Kollegen<\/li>\n<li>Faire Ausbildungsverg\u00fctung mit umfangreichen sozialen Leistungen (z.B. Urlaubs- und Weihnachtsgeld)<\/li>\n<li>Sehr gute \u00dcbernahmechancen nach einem erfolgreichen Abschluss<\/li>\n<li>F\u00f6rderung und Unterst\u00fctzung der beruflichen und pers\u00f6nlichen Weiterbildung<\/li>\n<li>Betriebliche Gesundheitsvorsorge in Form eines Dienstfahrrades<\/li>\n<\/ul>\n<h5><strong>Wir suchen:<\/strong><\/h5>\n<ul>\n<li>qualifizierter Mittelschulabschluss oder Mittlere Reife<\/li>\n<li>technisches Verst\u00e4ndnis und handwerkliches Geschick<\/li>\n<li>r\u00e4umliches Vorstellungsverm\u00f6gen<\/li>\n<li>hohes Ma\u00df an Qualit\u00e4ts- und Terminbewusstsein<\/li>\n<li>Freude an der Arbeit und im Team<\/li>\n<li>Interesse und Engagement f\u00fcr das Metallhandwerk<\/li>\n<li>Interesse an digitalen Prozessen und moderner Maschinentechnik<\/li>\n<\/ul>\n<p>[\/et_pb_accordion_item][et_pb_accordion_item title=&#8220;Ausbildung zum Feinwerkmechaniker (m\/w\/d) September 2026&#8243; _builder_version=&#8220;4.27.4&#8243; _module_preset=&#8220;default&#8220; global_colors_info=&#8220;{}&#8220; open=&#8220;off&#8220;]<\/p>\n<h4>Wir zeigen klare Kante \u2013 die EM Ger\u00e4tebau GmbH in Mammendorf!<\/h4>\n<p>Sie sind motiviert, dynamisch, und m\u00f6chten Verantwortung \u00fcbernehmen? Dann sind Sie bei uns genau richtig!<\/p>\n<p>Wir, die EM Ger\u00e4tebau GmbH, suchen f\u00fcr den September 2026 Schulabg\u00e4nger f\u00fcr die Ausbildung zum Feinwerkmechaniker (m\/w\/d), um unsere Zukunft gepr\u00e4gt von Wachstum, Kundenorientierung, Qualit\u00e4t, und Liefertreue erfolgreich zu gestalten!<\/p>\n<p>&nbsp;<\/p>\n<h5><strong>Ihre Aufgaben:<\/strong><\/h5>\n<ul>\n<li>3,5-j\u00e4hrige Ausbildung<\/li>\n<li>Besuch der Berufsschule mit Blockunterricht<\/li>\n<li>Lernen der Herstellung von feinmechanischen Geh\u00e4usen und Bauteilen<\/li>\n<li>Pr\u00fcfung der Eigenschaften von Metallen und Werkstoffe<\/li>\n<li>Auswahl geeigneter Werkzeuge und Maschinen f\u00fcr die Arbeitsschritte<\/li>\n<li>Instandhaltung der Maschinen und Anlagen<\/li>\n<li>Einstellung und Steuerung der Maschinen und Anlagen<\/li>\n<li>Benutzung und Programmierung von CNC-Maschinen und Robotik<\/li>\n<li>Zeichnen und Programmieren von Bauteilen<\/li>\n<li>Manuelle Fertigung in den Bereichen Feilen, Fr\u00e4sen, Bohren, Drehen, Schwei\u00dfen<\/li>\n<\/ul>\n<h5><strong>Wir bieten:<\/strong><\/h5>\n<ul>\n<li>Eine spannende und sehr praxisnahe 3,5-j\u00e4hrige Ausbildung<\/li>\n<li>Eigene Gestaltungsm\u00f6glichkeiten und gute Zukunftsperspektiven<\/li>\n<li>Qualifizierte Ausbilder, die Sie in Ihrer fachlichen und pers\u00f6nlichen Weiterentwicklung unterst\u00fctzen<\/li>\n<li>Famili\u00e4res Arbeitsumfeld, in dem wir die Vornamen unserer Kollegen besser kennen als deren Nachnamen<\/li>\n<li>Flache Hierarchien mit kurzen Kommunikationswegen und \u201eChefs zum Anfassen\u201c<\/li>\n<li>Offene T\u00fcren und Ohren f\u00fcr Anregungen und Anmerkungen<\/li>\n<li>Verst\u00e4ndnisvolle und hilfsbereite Kollegen<\/li>\n<li>Faire Ausbildungsverg\u00fctung mit umfangreichen sozialen Leistungen (z.B. Urlaubs- und Weihnachtsgeld)<\/li>\n<li>Sehr gute \u00dcbernahmechancen nach einem erfolgreichen Abschluss<\/li>\n<li>F\u00f6rderung und Unterst\u00fctzung der beruflichen und pers\u00f6nlichen Weiterbildung<\/li>\n<li>Betriebliche Gesundheitsvorsorge in Form eines Dienstfahrrades<\/li>\n<\/ul>\n<h5><strong>Wir suchen:<\/strong><\/h5>\n<ul>\n<li>qualifizierter Mittelschulabschluss<\/li>\n<li>technisches Verst\u00e4ndnis und handwerkliches Geschick<\/li>\n<li>r\u00e4umliches Vorstellungsverm\u00f6gen<\/li>\n<li>hohes Ma\u00df an Qualit\u00e4ts- und Terminbewusstsein<\/li>\n<li>Freude an der Arbeit und im Team<\/li>\n<li>Interesse und Engagement f\u00fcr das Metallhandwerk<\/li>\n<\/ul>\n<p>[\/et_pb_accordion_item][\/et_pb_accordion][\/et_pb_column][et_pb_column type=&#8220;1_2&#8243; _builder_version=&#8220;4.16&#8243; _module_preset=&#8220;default&#8220; global_colors_info=&#8220;{}&#8220;][et_pb_image src=&#8220;https:\/\/emg-gmbh.de\/wp-content\/uploads\/2026\/05\/EM-Geraetebau-Yabyini-Kaunua-Enrico-Nerger-1.jpg&#8220; alt=&#8220;Yabyini-Kaunua-Enrico-Nerger&#8220; title_text=&#8220;Yabyini-Kaunua-Enrico-Nerger&#8220; _builder_version=&#8220;4.27.6&#8243; _module_preset=&#8220;default&#8220; animation_style=&#8220;flip&#8220; animation_direction=&#8220;left&#8220; animation_delay=&#8220;200ms&#8220; global_colors_info=&#8220;{}&#8220;][\/et_pb_image][\/et_pb_column][\/et_pb_row][\/et_pb_section][et_pb_section fb_built=&#8220;1&#8243; admin_label=&#8220;Karriere&#8220; module_id=&#8220;stellen&#8220; _builder_version=&#8220;4.27.6&#8243; _module_preset=&#8220;default&#8220; global_colors_info=&#8220;{}&#8220;][et_pb_row column_structure=&#8220;1_2,1_2&#8243; _builder_version=&#8220;4.27.6&#8243; _module_preset=&#8220;default&#8220; global_colors_info=&#8220;{}&#8220;][et_pb_column type=&#8220;1_2&#8243; _builder_version=&#8220;4.27.6&#8243; _module_preset=&#8220;default&#8220; global_colors_info=&#8220;{}&#8220;][et_pb_image src=&#8220;https:\/\/emg-gmbh.de\/wp-content\/uploads\/2023\/02\/EM-Geraetebau-Mammendorf-Biegen-Abkanten-2-1.jpg&#8220; alt=&#8220;Biegen und Abkanten&#8220; title_text=&#8220;Biegen und Abkanten&#8220; _builder_version=&#8220;4.19.5&#8243; _module_preset=&#8220;default&#8220; animation_style=&#8220;flip&#8220; animation_direction=&#8220;left&#8220; animation_delay=&#8220;200ms&#8220; global_colors_info=&#8220;{}&#8220;][\/et_pb_image][\/et_pb_column][et_pb_column type=&#8220;1_2&#8243; _builder_version=&#8220;4.27.6&#8243; _module_preset=&#8220;default&#8220; global_colors_info=&#8220;{}&#8220;][et_pb_text admin_label=&#8220;Top-Line&#8220; module_class=&#8220;text-top-line&#8220; _builder_version=&#8220;4.19.5&#8243; _module_preset=&#8220;default&#8220; global_colors_info=&#8220;{}&#8220;]<\/p>\n<p>Unsere Stellenangebote<\/p>\n<p>[\/et_pb_text][et_pb_text admin_label=&#8220;H2&#8243; _builder_version=&#8220;4.27.6&#8243; _module_preset=&#8220;default&#8220; global_colors_info=&#8220;{}&#8220;]<\/p>\n<h2>Arbeiten bei EMG<\/h2>\n<p>[\/et_pb_text][et_pb_text _builder_version=&#8220;4.27.6&#8243; _module_preset=&#8220;default&#8220; global_colors_info=&#8220;{}&#8220;]<\/p>\n<p>Sie m\u00f6chten Ihre Erfahrung einbringen und gemeinsam mit uns die Zukunft gestalten? Bei EM Ger\u00e4tebau erwarten Sie abwechslungsreiche Aufgaben, ein starkes Team und ein Arbeitsumfeld, in dem Verl\u00e4sslichkeit, Qualit\u00e4t und Zusammenhalt gro\u00dfgeschrieben werden. Entdecken Sie unsere aktuellen Stellenangebote und finden Sie die Position, die zu Ihnen passt.<\/p>\n<p>[\/et_pb_text][\/et_pb_column][\/et_pb_row][et_pb_row column_structure=&#8220;1_2,1_2&#8243; _builder_version=&#8220;4.16&#8243; _module_preset=&#8220;default&#8220; global_colors_info=&#8220;{}&#8220;][et_pb_column type=&#8220;1_2&#8243; _builder_version=&#8220;4.16&#8243; _module_preset=&#8220;default&#8220; global_colors_info=&#8220;{}&#8220;][et_pb_text admin_label=&#8220;H2&#8243; _builder_version=&#8220;4.27.6&#8243; _module_preset=&#8220;default&#8220; custom_margin=&#8220;||34px|||&#8220; global_colors_info=&#8220;{}&#8220;]<\/p>\n<h2>Unsere offenen Stellen<\/h2>\n<p>[\/et_pb_text][et_pb_accordion toggle_icon=&#8220;&#x3d;||divi||400&#8243; _builder_version=&#8220;4.27.6&#8243; _module_preset=&#8220;default&#8220; toggle_level=&#8220;h3&#8243; global_colors_info=&#8220;{}&#8220;][et_pb_accordion_item title=&#8220;Maschinenf\u00fchrer Biegen (m\/w\/d)&#8220; open=&#8220;on&#8220; _builder_version=&#8220;4.27.4&#8243; _module_preset=&#8220;default&#8220; global_colors_info=&#8220;{}&#8220;]<\/p>\n<h4>Wir zeigen klare Kante \u2013 die EM Ger\u00e4tebau GmbH in Mammendorf!<\/h4>\n<p>Sie sind motiviert, dynamisch, und m\u00f6chten Verantwortung \u00fcbernehmen? Dann sind Sie bei uns genau richtig! Um unsere Zukunft gepr\u00e4gt von Kundenorientierung, Qualit\u00e4t und Liefertreue erfolgreich zu gestalten, sucht die EM Ger\u00e4tebau GmbH<strong> zum n\u00e4chstm\u00f6glichen Zeitpunkt einen\u00a0<\/strong><\/p>\n<p><strong>CNC &#8211; Maschinenf\u00fchrer f\u00fcr unsere Abteilung Biegen (m\/w\/d)<\/strong><\/p>\n<h5><strong>Ihre Aufgaben:<\/strong><\/h5>\n<ul>\n<li>Biegen von Blechteilen aus Stahl, Edelstahl, Kupfer, Aluminium und weiteren Werkstoffen<\/li>\n<li>Selbstst\u00e4ndiges Einrichten und R\u00fcsten unserer TRUMPF CNC-Biegemaschinen<\/li>\n<li>Optimieren der Fertigungsabl\u00e4ufe<\/li>\n<li>Qualit\u00e4tskontrollen und Ableitung von Ma\u00dfnahmen<\/li>\n<li>Wartung und Instandhaltung des Maschinenparks<\/li>\n<\/ul>\n<h5><strong>Wir bieten:<\/strong><\/h5>\n<ul>\n<li>Modernen &amp; spannenden Arbeitsplatz mit Entwicklungsperspektiven<\/li>\n<li>angenehme Arbeitsatmosph\u00e4re und direkte Kommunikation innerhalb flacher Hierarchien<\/li>\n<li>Leistungsgerechtes Gehalt und eine \u00fcberdurchschnittliche betriebliche Altersvorsorge<\/li>\n<li>Steuerfreie Sachbez\u00fcge<\/li>\n<li>betriebliche Gesundheitsf\u00fcrsorge in Form eines Dienstfahrrades<\/li>\n<li>Attraktives Schichtmodell &amp; Unterst\u00fctzung bei der Wohnungssuche<\/li>\n<li>Gewinnbeteiligung (abh\u00e4ngig vom Betriebsergebnis)<\/li>\n<\/ul>\n<p><strong>Voraussetzungen<\/strong><\/p>\n<h5><strong>Wir suchen:<\/strong><\/h5>\n<ul>\n<li>Abgeschlossene Ausbildung in einem metallverarbeitenden Beruf<\/li>\n<li>Mehrj\u00e4hrige Berufserfahrung in der Blechbearbeitung\/Abkanten<\/li>\n<li>Sicherer Umgang im Lesen von technischen Zeichnungen<\/li>\n<li>Sicherer Umgang mit Messschieber &amp; Winkelmesser<\/li>\n<li>Eigenverantwortliche und selbstst\u00e4ndige Arbeitsweise<\/li>\n<li>Ausgepr\u00e4gte Teamf\u00e4higkeit und hohe Einsatzbereitschaft<\/li>\n<li>Bereitschaft zur Schichtarbeit<\/li>\n<\/ul>\n<p>Haben wir Ihr Interesse geweckt? Dann bewerben Sie sich bitte entweder per E-Mail (<a href=\"mailto:bewerbung@wordpress-relaunch-2025.p543535.webspaceconfig.de\">bewerbung@wordpress-relaunch-2025.p543535.webspaceconfig.de<\/a>) oder per Post unter der folgenden Adresse:<\/p>\n<p>EM Ger\u00e4tebau GmbH<br \/>Ahornstra\u00dfe 8-14<br \/>82291 Mammendorf<\/p>\n<p>Bei R\u00fcckfragen k\u00f6nnen Sie uns gerne jederzeit kontaktieren: +49 8145\u00a0921-300<\/p>\n<p>Die EM Ger\u00e4tebau GmbH ist ein mittelst\u00e4ndisches, erfolgreiches Unternehmen im Westen von M\u00fcnchen. Hier fertigen rund 130 Mitarbeiter speziell nach den Anforderungen namhafter nationaler wie auch internationaler Kunden auf modernen CNC-Werkzeugmaschinen Pr\u00e4zisionsblechteile f\u00fcr die Elektronikindustrie, Medizintechnik und viele andere Bereiche. Auf Marktbed\u00fcrfnisse wegweisend und schnell reagieren, rationell produzieren und konstante Qualit\u00e4t garantieren \u2013 diese Grunds\u00e4tze sichern seit vielen Jahren unseren Erfolg. Flache Hierarchien sorgen f\u00fcr kurze Entscheidungswege und flexible Abl\u00e4ufe im Unternehmen.<\/p>\n<p>[\/et_pb_accordion_item][et_pb_accordion_item title=&#8220;Maschinenf\u00fchrer Stanzen (m\/w\/d)&#8220; _builder_version=&#8220;4.27.4&#8243; _module_preset=&#8220;default&#8220; global_colors_info=&#8220;{}&#8220; open=&#8220;off&#8220;]<\/p>\n<h4>Wir zeigen klare Kante \u2013 die EM Ger\u00e4tebau GmbH in Mammendorf!<\/h4>\n<p>Sie sind motiviert, dynamisch, und m\u00f6chten Verantwortung \u00fcbernehmen? Dann sind Sie bei uns genau richtig!<\/p>\n<p>Wir, die EM Ger\u00e4tebau GmbH, suchen zum n\u00e4chstm\u00f6glichen Zeitpunkt einen CNC-Maschinenf\u00fchrer f\u00fcr unsere Abteilung Stanzen \/ Lasern (m\/w\/d), um unsere Zukunft gepr\u00e4gt von Wachstum, Kundenorientierung, Qualit\u00e4t, und Liefertreue erfolgreich zu gestalten!<\/p>\n<p>&nbsp;<\/p>\n<h5><strong>Ihre Aufgaben:<\/strong><\/h5>\n<ul>\n<li>Stanzen und Lasern von einfachen bis komplexen Bauteilen aus Edelstahl, Kupfer, Aluminium und weiteren Werkstoffen<\/li>\n<li>Selbstst\u00e4ndiges Einrichten und R\u00fcsten der CNC-Stanz \/ Lasermaschine<\/li>\n<li>Qualit\u00e4tskontrolle und Qualit\u00e4tssicherung der Bauteile<\/li>\n<li>Wartung und Instandhaltung des Maschinenparks<\/li>\n<\/ul>\n<h5><strong>Wir bieten:<\/strong><\/h5>\n<ul>\n<li>Einen modernen und spannenden Arbeitsplatz mit Entwicklungsperspektiven<\/li>\n<li>Leistungsgerechtes Gehalt mit \u00fcberdurchschnittlicher, betrieblicher Altersvorsorge<\/li>\n<li>Attraktives Schichtmodell<\/li>\n<li>Einen sicheren Arbeitsplatz<\/li>\n<li>Famili\u00e4res Arbeitsumfeld, in dem wir die Vornamen unserer Kollegen besser kennen als deren Nachnamen<\/li>\n<li>Flache Hierarchien mit kurzen Kommunikationswegen und \u201eChefs zum Anfassen\u201c<\/li>\n<li>Offene T\u00fcren und Ohren f\u00fcr Anregungen und Anmerkungen<\/li>\n<li>Verst\u00e4ndnisvolle und hilfsbereite Kollegen<\/li>\n<li>Kostenlose Getr\u00e4nke<\/li>\n<li>F\u00f6rderung und Unterst\u00fctzung der beruflichen und pers\u00f6nlichen Weiterbildung<\/li>\n<li>Betriebliche Gesundheitsvorsorge in Form eines Dienstfahrrades<\/li>\n<\/ul>\n<h5><strong>Wir suchen:<\/strong><\/h5>\n<ul>\n<li>Abgeschlossene technische Ausbildung in einem metallverarbeitenden Beruf<\/li>\n<li>Mehrj\u00e4hrige Berufserfahrung in der Blechbearbeitung<\/li>\n<li>Sicherer Umgang im Lesen von technischen Zeichnungen<\/li>\n<li>Ausgepr\u00e4gte Teamf\u00e4higkeit und hohe Einsatzbereitschaft<\/li>\n<li>Bereitschaft zur Schichtarbeit<\/li>\n<\/ul>\n<p>[\/et_pb_accordion_item][et_pb_accordion_item title=&#8220;Feinwerkmechaniker (m\/w\/d)&#8220; _builder_version=&#8220;4.27.4&#8243; _module_preset=&#8220;default&#8220; global_colors_info=&#8220;{}&#8220; open=&#8220;off&#8220;]<\/p>\n<h4>Wir zeigen klare Kante \u2013 die EM Ger\u00e4tebau GmbH in Mammendorf!<\/h4>\n<p>Sie sind motiviert, dynamisch, und m\u00f6chten Verantwortung \u00fcbernehmen? Dann sind Sie bei uns genau richtig!<\/p>\n<p>Wir, die EM Ger\u00e4tebau GmbH, suchen zum n\u00e4chstm\u00f6glichen Zeitpunkt Facharbeiter \/ Meister f\u00fcr unsere Abteilung mechanische Fertigung (m\/w\/d), um unsere Zukunft gepr\u00e4gt von Wachstum, Kundenorientierung, Qualit\u00e4t, und Liefertreue erfolgreich zu gestalten!<\/p>\n<p>&nbsp;<\/p>\n<h5><strong>Ihre Aufgaben:<\/strong><\/h5>\n<ul>\n<li>Verantwortlich f\u00fcr den Output &amp; die Qualit\u00e4t<\/li>\n<li>Einstellen &amp; R\u00fcsten unserer Maschinen<\/li>\n<li>Qualit\u00e4tskontrollen und Ableitung von Ma\u00dfnahmen<\/li>\n<li>Personalf\u00fchrung &amp; Personalentwicklung<\/li>\n<\/ul>\n<h5><strong>Wir bieten:<\/strong><\/h5>\n<ul>\n<li>Einen modernen und spannenden Arbeitsplatz mit Entwicklungsperspektiven<\/li>\n<li>Leistungsgerechtes Gehalt mit \u00fcberdurchschnittlicher, betrieblicher Altersvorsorge<\/li>\n<li>Einen sicheren Arbeitsplatz<\/li>\n<li>Famili\u00e4res Arbeitsumfeld, in dem wir die Vornamen unserer Kollegen besser kennen als deren Nachnamen<\/li>\n<li>Flache Hierarchien mit kurzen Kommunikationswegen und \u201eChefs zum Anfassen\u201c<\/li>\n<li>Offene T\u00fcren und Ohren f\u00fcr Anregungen und Anmerkungen<\/li>\n<li>Verst\u00e4ndnisvolle und hilfsbereite Kollegen<\/li>\n<li>Kostenlose Getr\u00e4nke<\/li>\n<li>F\u00f6rderung und Unterst\u00fctzung der beruflichen und pers\u00f6nlichen Weiterbildung<\/li>\n<li>Betriebliche Gesundheitsvorsorge in Form eines Dienstfahrrades<\/li>\n<\/ul>\n<h5><strong>Wir suchen:<\/strong><\/h5>\n<ul>\n<li>Abgeschlossene technische Ausbildung in einem metallverarbeitenden Beruf<\/li>\n<li>Mehrj\u00e4hrige Berufserfahrung in der Blechbearbeitung<\/li>\n<li>Sicherer Umgang im Lesen von technischen Zeichnungen<\/li>\n<li>Ausgepr\u00e4gte Teamf\u00e4higkeit und hohe Einsatzbereitschaft<\/li>\n<li>Bereitschaft zur Schichtarbeit<\/li>\n<\/ul>\n<p>[\/et_pb_accordion_item][et_pb_accordion_item title=&#8220;Beschichter f\u00fcr die Pulverbeschichtung (m\/w\/d)&#8220; _builder_version=&#8220;4.27.4&#8243; _module_preset=&#8220;default&#8220; global_colors_info=&#8220;{}&#8220; open=&#8220;off&#8220;]<\/p>\n<h4>Wir zeigen klare Kante \u2013 die EM Ger\u00e4tebau GmbH in Mammendorf!<\/h4>\n<p>Sie sind motiviert, dynamisch, und m\u00f6chten Verantwortung \u00fcbernehmen? Dann sind Sie bei uns genau richtig!<\/p>\n<p>Wir, die EM Ger\u00e4tebau GmbH, suchen zum n\u00e4chstm\u00f6glichen Zeitpunkt einen Beschichter f\u00fcr die Pulverbeschichtung (m\/w\/d), um unsere Zukunft gepr\u00e4gt von Wachstum, Kundenorientierung, Qualit\u00e4t, und Liefertreue erfolgreich zu gestalten!<\/p>\n<p>&nbsp;<\/p>\n<h5><strong>Ihre Aufgaben:<\/strong><\/h5>\n<ul>\n<li>Pulverbeschichtung von Metallbauteilen<\/li>\n<li>Vor- und Nachbearbeitung von Metallbauteilen<\/li>\n<li>Oberfl\u00e4chen der Metallbauteile reinigen und einfetten<\/li>\n<\/ul>\n<h5><strong>Wir bieten:<\/strong><\/h5>\n<ul>\n<li>Einen modernen und spannenden Arbeitsplatz mit Entwicklungsperspektiven<\/li>\n<li>Leistungsgerechtes Gehalt mit \u00fcberdurchschnittlicher, betrieblicher Altersvorsorge<\/li>\n<li>Attraktives Schichtmodell<\/li>\n<li>Einen sicheren Arbeitsplatz<\/li>\n<li>Famili\u00e4res Arbeitsumfeld, in dem wir die Vornamen unserer Kollegen besser kennen als deren Nachnamen<\/li>\n<li>Flache Hierarchien mit kurzen Kommunikationswegen und \u201eChefs zum Anfassen\u201c<\/li>\n<li>Offene T\u00fcren und Ohren f\u00fcr Anregungen und Anmerkungen<\/li>\n<li>Verst\u00e4ndnisvolle und hilfsbereite Kollegen<\/li>\n<li>Kostenlose Getr\u00e4nke<\/li>\n<li>F\u00f6rderung und Unterst\u00fctzung der beruflichen und pers\u00f6nlichen Weiterbildung<\/li>\n<li>Betriebliche Gesundheitsvorsorge in Form eines Dienstfahrrades<\/li>\n<\/ul>\n<h5><strong>Wir suchen:<\/strong><\/h5>\n<ul>\n<li>Abgeschlossene Ausbildung als Lackierer oder Erfahrung in der Pulverbeschichtung<\/li>\n<li>Sorgf\u00e4ltige Arbeitsweise und gutes handwerkliches Geschick<\/li>\n<li>Sicherer Umgang im Lesen von technischen Zeichnungen<\/li>\n<li>Ausgepr\u00e4gte Teamf\u00e4higkeit und hohe Einsatzbereitschaft<\/li>\n<li>Bereitschaft zur Schichtarbeit<\/li>\n<\/ul>\n<p>[\/et_pb_accordion_item][\/et_pb_accordion][et_pb_accordion toggle_icon=&#8220;&#x3d;||divi||400&#8243; disabled_on=&#8220;on|on|on&#8220; _builder_version=&#8220;4.27.4&#8243; _module_preset=&#8220;default&#8220; toggle_level=&#8220;h3&#8243; disabled=&#8220;on&#8220; global_colors_info=&#8220;{}&#8220;][et_pb_accordion_item title=&#8220;Ausbildung zur Fachkraft f\u00fcr Metalltechnik (m\/w\/d) September 2026&#8243; open=&#8220;on&#8220; _builder_version=&#8220;4.27.4&#8243; _module_preset=&#8220;default&#8220; global_colors_info=&#8220;{}&#8220;]<\/p>\n<h4>Wir zeigen klare Kante \u2013 die EM Ger\u00e4tebau GmbH in Mammendorf!<\/h4>\n<p>Sie sind motiviert, dynamisch, und m\u00f6chten Verantwortung \u00fcbernehmen? Dann sind Sie bei uns genau richtig!<\/p>\n<p>Wir, die EM Ger\u00e4tebau GmbH, suchen f\u00fcr den September 2026 Schulabg\u00e4nger f\u00fcr die Ausbildung zur Fachkraft f\u00fcr Metalltechnik (m\/w\/d), um unsere Zukunft gepr\u00e4gt von Wachstum, Kundenorientierung, Qualit\u00e4t, und Liefertreue erfolgreich zu gestalten!<\/p>\n<p><strong>Ihre Aufgaben:<\/strong><\/p>\n<ul>\n<li>2-j\u00e4hrige Ausbildung mit Schwerpunkt Zerspannungstechnik oder Umformtechnik<\/li>\n<li>Besuch der Berufsschule mit Blockunterricht<\/li>\n<li>Lernen der Herstellung von feinmechanischen Geh\u00e4usen und Bauteilen<\/li>\n<li>Pr\u00fcfung der Eigenschaften von Metallen und Werkstoffen<\/li>\n<li>Auswahl geeigneter Werkzeuge und Maschinen f\u00fcr die Arbeitsschritte<\/li>\n<li>Instandhaltung der Maschinen und Anlagen<\/li>\n<li>Einstellung und Steuerung der Maschinen und Anlagen<\/li>\n<li>Manuelle Fertigung in den Bereichen Feilen, Fr\u00e4sen, Bohren, Drehen, Schwei\u00dfen<\/li>\n<\/ul>\n<p><strong>Wir bieten:<\/strong><\/p>\n<ul>\n<li>Eine spannende und sehr praxisnahe 2-j\u00e4hrige Ausbildung<\/li>\n<li>Eigene Gestaltungsm\u00f6glichkeiten und gute Zukunftsperspektiven<\/li>\n<li>Qualifizierte Ausbilder, die Sie in Ihrer fachlichen und pers\u00f6nlichen Weiterentwicklung unterst\u00fctzen<\/li>\n<li>Famili\u00e4res Arbeitsumfeld, in dem wir die Vornamen unserer Kollegen besser kennen als deren Nachnamen<\/li>\n<li>Flache Hierarchien mit kurzen Kommunikationswegen und \u201eChefs zum Anfassen\u201c<\/li>\n<li>Offene T\u00fcren und Ohren f\u00fcr Anregungen und Anmerkungen<\/li>\n<li>Verst\u00e4ndnisvolle und hilfsbereite Kollegen<\/li>\n<li>Faire Ausbildungsverg\u00fctung mit umfangreichen sozialen Leistungen (z.B. Urlaubs- und Weihnachtsgeld)<\/li>\n<li>Sehr gute \u00dcbernahmechancen nach einem erfolgreichen Abschluss<\/li>\n<li>F\u00f6rderung und Unterst\u00fctzung der beruflichen und pers\u00f6nlichen Weiterbildung<\/li>\n<li>Betriebliche Gesundheitsvorsorge in Form eines Dienstfahrrades<\/li>\n<\/ul>\n<p><strong>Wir suchen:<\/strong><\/p>\n<ul>\n<li>qualifizierter Mittelschulabschluss<\/li>\n<li>technisches Verst\u00e4ndnis und handwerkliches Geschick<\/li>\n<li>r\u00e4umliches Vorstellungsverm\u00f6gen<\/li>\n<li>hohes Ma\u00df an Qualit\u00e4ts- und Terminbewusstsein<\/li>\n<li>Freude an der Arbeit und im Team<\/li>\n<li>Interesse und Engagement f\u00fcr das Metallhandwerk<\/li>\n<\/ul>\n<p>[\/et_pb_accordion_item][et_pb_accordion_item title=&#8220;Ausbildung als Maschinen- und Anlagenf\u00fchrer (m\/w\/d) September 2026&#8243; _builder_version=&#8220;4.27.4&#8243; _module_preset=&#8220;default&#8220; global_colors_info=&#8220;{}&#8220; open=&#8220;off&#8220;]<\/p>\n<h4>Wir zeigen klare Kante \u2013 die EM Ger\u00e4tebau GmbH in Mammendorf!<\/h4>\n<p>Sie sind motiviert, dynamisch, und m\u00f6chten Verantwortung \u00fcbernehmen? Dann sind Sie bei uns genau richtig!<\/p>\n<p>Wir, die EM Ger\u00e4tebau GmbH, suchen f\u00fcr den September 2026 Schulabg\u00e4nger f\u00fcr die Ausbildung als Maschinen- und Anlagenf\u00fchrer (m\/w\/d), um unsere Zukunft gepr\u00e4gt von Wachstum, Kundenorientierung, Qualit\u00e4t, und Liefertreue erfolgreich zu gestalten!<\/p>\n<p><strong>Ihre Aufgaben:<\/strong><\/p>\n<ul>\n<li>2-j\u00e4hrige Ausbildung<\/li>\n<li>Besuch der Berufsschule mit Blockunterricht<\/li>\n<li>Fachgerechtes Einrichten, Umr\u00fcsten und in Betrieb nehmen der Produktionsanlagen<\/li>\n<li>Wartung der Maschinen<\/li>\n<li>\u00dcberwachung des Produktionsprozesses und erkennen und beheben von St\u00f6rungen<\/li>\n<li>Manuelle Fertigung in den Bereichen Feilen, Fr\u00e4sen, Bohren, Drehen, Schwei\u00dfen<\/li>\n<\/ul>\n<p><strong>Wir bieten:<\/strong><\/p>\n<ul>\n<li>Eine spannende und sehr praxisnahe 2-j\u00e4hrige Ausbildung<\/li>\n<li>Eigene Gestaltungsm\u00f6glichkeiten und gute Zukunftsperspektiven<\/li>\n<li>Qualifizierte Ausbilder, die Sie in Ihrer fachlichen und pers\u00f6nlichen Weiterentwicklung unterst\u00fctzen<\/li>\n<li>Famili\u00e4res Arbeitsumfeld, in dem wir die Vornamen unserer Kollegen besser kennen als deren Nachnamen<\/li>\n<li>Flache Hierarchien mit kurzen Kommunikationswegen und \u201eChefs zum Anfassen\u201c<\/li>\n<li>Offene T\u00fcren und Ohren f\u00fcr Anregungen und Anmerkungen<\/li>\n<li>Verst\u00e4ndnisvolle und hilfsbereite Kollegen<\/li>\n<li>Faire Ausbildungsverg\u00fctung mit umfangreichen sozialen Leistungen (z.B. Urlaubs- und Weihnachtsgeld)<\/li>\n<li>Sehr gute \u00dcbernahmechancen nach einem erfolgreichen Abschluss<\/li>\n<li>F\u00f6rderung und Unterst\u00fctzung der beruflichen und pers\u00f6nlichen Weiterbildung<\/li>\n<li>Betriebliche Gesundheitsvorsorge in Form eines Dienstfahrrades<\/li>\n<\/ul>\n<p><strong>Wir suchen:<\/strong><\/p>\n<ul>\n<li>qualifizierter Mittelschulabschluss oder Mittlere Reife<\/li>\n<li>technisches Verst\u00e4ndnis und handwerkliches Geschick<\/li>\n<li>r\u00e4umliches Vorstellungsverm\u00f6gen<\/li>\n<li>hohes Ma\u00df an Qualit\u00e4ts- und Terminbewusstsein<\/li>\n<li>Freude an der Arbeit und im Team<\/li>\n<li>Interesse und Engagement f\u00fcr das Metallhandwerk<\/li>\n<li>Interesse an digitalen Prozessen und moderner Maschinentechnik<\/li>\n<\/ul>\n<p>[\/et_pb_accordion_item][et_pb_accordion_item title=&#8220;Ausbildung zum Feinwerkmechaniker (m\/w\/d) September 2026&#8243; _builder_version=&#8220;4.27.4&#8243; _module_preset=&#8220;default&#8220; global_colors_info=&#8220;{}&#8220; open=&#8220;off&#8220;]<\/p>\n<h4>Wir zeigen klare Kante \u2013 die EM Ger\u00e4tebau GmbH in Mammendorf!<\/h4>\n<p>Sie sind motiviert, dynamisch, und m\u00f6chten Verantwortung \u00fcbernehmen? Dann sind Sie bei uns genau richtig!<\/p>\n<p>Wir, die EM Ger\u00e4tebau GmbH, suchen f\u00fcr den September 2026 Schulabg\u00e4nger f\u00fcr die Ausbildung zum Feinwerkmechaniker (m\/w\/d), um unsere Zukunft gepr\u00e4gt von Wachstum, Kundenorientierung, Qualit\u00e4t, und Liefertreue erfolgreich zu gestalten!<\/p>\n<p><strong>Ihre Aufgaben:<\/strong><\/p>\n<ul>\n<li>3,5-j\u00e4hrige Ausbildung<\/li>\n<li>Besuch der Berufsschule mit Blockunterricht<\/li>\n<li>Lernen der Herstellung von feinmechanischen Geh\u00e4usen und Bauteilen<\/li>\n<li>Pr\u00fcfung der Eigenschaften von Metallen und Werkstoffe<\/li>\n<li>Auswahl geeigneter Werkzeuge und Maschinen f\u00fcr die Arbeitsschritte<\/li>\n<li>Instandhaltung der Maschinen und Anlagen<\/li>\n<li>Einstellung und Steuerung der Maschinen und Anlagen<\/li>\n<li>Benutzung und Programmierung von CNC-Maschinen und Robotik<\/li>\n<li>Zeichnen und Programmieren von Bauteilen<\/li>\n<li>Manuelle Fertigung in den Bereichen Feilen, Fr\u00e4sen, Bohren, Drehen, Schwei\u00dfen<\/li>\n<\/ul>\n<p><strong>Wir bieten:<\/strong><\/p>\n<ul>\n<li>Eine spannende und sehr praxisnahe 3,5-j\u00e4hrige Ausbildung<\/li>\n<li>Eigene Gestaltungsm\u00f6glichkeiten und gute Zukunftsperspektiven<\/li>\n<li>Qualifizierte Ausbilder, die Sie in Ihrer fachlichen und pers\u00f6nlichen Weiterentwicklung unterst\u00fctzen<\/li>\n<li>Famili\u00e4res Arbeitsumfeld, in dem wir die Vornamen unserer Kollegen besser kennen als deren Nachnamen<\/li>\n<li>Flache Hierarchien mit kurzen Kommunikationswegen und \u201eChefs zum Anfassen\u201c<\/li>\n<li>Offene T\u00fcren und Ohren f\u00fcr Anregungen und Anmerkungen<\/li>\n<li>Verst\u00e4ndnisvolle und hilfsbereite Kollegen<\/li>\n<li>Faire Ausbildungsverg\u00fctung mit umfangreichen sozialen Leistungen (z.B. Urlaubs- und Weihnachtsgeld)<\/li>\n<li>Sehr gute \u00dcbernahmechancen nach einem erfolgreichen Abschluss<\/li>\n<li>F\u00f6rderung und Unterst\u00fctzung der beruflichen und pers\u00f6nlichen Weiterbildung<\/li>\n<li>Betriebliche Gesundheitsvorsorge in Form eines Dienstfahrrades<\/li>\n<\/ul>\n<p><strong>Wir suchen:<\/strong><\/p>\n<ul>\n<li>qualifizierter Mittelschulabschluss<\/li>\n<li>technisches Verst\u00e4ndnis und handwerkliches Geschick<\/li>\n<li>r\u00e4umliches Vorstellungsverm\u00f6gen<\/li>\n<li>hohes Ma\u00df an Qualit\u00e4ts- und Terminbewusstsein<\/li>\n<li>Freude an der Arbeit und im Team<\/li>\n<li>Interesse und Engagement f\u00fcr das Metallhandwerk<\/li>\n<\/ul>\n<p>[\/et_pb_accordion_item][et_pb_accordion_item title=&#8220;Maschinenf\u00fchrer Biegen (m\/w\/d)&#8220; _builder_version=&#8220;4.27.2&#8243; _module_preset=&#8220;default&#8220; global_colors_info=&#8220;{}&#8220; open=&#8220;off&#8220;]<\/p>\n<h4>Wir zeigen klare Kante \u2013 die EM Ger\u00e4tebau GmbH in Mammendorf!<\/h4>\n<p>Sie sind motiviert, dynamisch, und m\u00f6chten Verantwortung \u00fcbernehmen? Dann sind Sie bei uns genau richtig! Um unsere Zukunft gepr\u00e4gt von Kundenorientierung, Qualit\u00e4t und Liefertreue erfolgreich zu gestalten, sucht die EM Ger\u00e4tebau GmbH<strong> zum n\u00e4chstm\u00f6glichen Zeitpunkt einen\u00a0<\/strong><\/p>\n<p><strong>CNC &#8211; Maschinenf\u00fchrer f\u00fcr unsere Abteilung Biegen (m\/w\/d)<\/strong><\/p>\n<p>&nbsp;<\/p>\n<p><strong>Ihre Aufgaben:<\/strong><\/p>\n<ul>\n<li>Biegen von Blechteilen aus Stahl, Edelstahl, Kupfer, Aluminium und weiteren Werkstoffen<\/li>\n<li>Selbstst\u00e4ndiges Einrichten und R\u00fcsten unserer TRUMPF CNC-Biegemaschinen<\/li>\n<li>Optimieren der Fertigungsabl\u00e4ufe<\/li>\n<li>Qualit\u00e4tskontrollen und Ableitung von Ma\u00dfnahmen<\/li>\n<li>Wartung und Instandhaltung des Maschinenparks<\/li>\n<\/ul>\n<p><strong>Wir bieten:<\/strong><\/p>\n<ul>\n<li>Modernen &amp; spannenden Arbeitsplatz mit Entwicklungsperspektiven<\/li>\n<li>angenehme Arbeitsatmosph\u00e4re und direkte Kommunikation innerhalb flacher Hierarchien<\/li>\n<li>Leistungsgerechtes Gehalt und eine \u00fcberdurchschnittliche betriebliche Altersvorsorge<\/li>\n<li>Steuerfreie Sachbez\u00fcge<\/li>\n<li>betriebliche Gesundheitsf\u00fcrsorge in Form eines Dienstfahrrades<\/li>\n<li>Attraktives Schichtmodell &amp; Unterst\u00fctzung bei der Wohnungssuche<\/li>\n<li>Gewinnbeteiligung (abh\u00e4ngig vom Betriebsergebnis)<\/li>\n<\/ul>\n<p><strong>Voraussetzungen<\/strong><\/p>\n<p><strong>Wir suchen:<\/strong><\/p>\n<ul>\n<li>Abgeschlossene Ausbildung in einem metallverarbeitenden Beruf<\/li>\n<li>Mehrj\u00e4hrige Berufserfahrung in der Blechbearbeitung\/Abkanten<\/li>\n<li>Sicherer Umgang im Lesen von technischen Zeichnungen<\/li>\n<li>Sicherer Umgang mit Messschieber &amp; Winkelmesser<\/li>\n<li>Eigenverantwortliche und selbstst\u00e4ndige Arbeitsweise<\/li>\n<li>Ausgepr\u00e4gte Teamf\u00e4higkeit und hohe Einsatzbereitschaft<\/li>\n<li>Bereitschaft zur Schichtarbeit<\/li>\n<\/ul>\n<p>&nbsp;<\/p>\n<p>Haben wir Ihr Interesse geweckt? Dann bewerben Sie sich bitte entweder per E-Mail (<a href=\"mailto:bewerbung@wordpress-relaunch-2025.p543535.webspaceconfig.de\">bewerbung@wordpress-relaunch-2025.p543535.webspaceconfig.de<\/a>) oder per Post unter der folgenden Adresse:<\/p>\n<p>EM Ger\u00e4tebau GmbH<br \/>Ahornstra\u00dfe 8-14<br \/>82291 Mammendorf<\/p>\n<p>Bei R\u00fcckfragen k\u00f6nnen Sie uns gerne jederzeit kontaktieren: +49 8145\u00a0921-300<\/p>\n<p>Die EM Ger\u00e4tebau GmbH ist ein mittelst\u00e4ndisches, erfolgreiches Unternehmen im Westen von M\u00fcnchen. Hier fertigen rund 130 Mitarbeiter speziell nach den Anforderungen namhafter nationaler wie auch internationaler Kunden auf modernen CNC-Werkzeugmaschinen Pr\u00e4zisionsblechteile f\u00fcr die Elektronikindustrie, Medizintechnik und viele andere Bereiche. Auf Marktbed\u00fcrfnisse wegweisend und schnell reagieren, rationell produzieren und konstante Qualit\u00e4t garantieren \u2013 diese Grunds\u00e4tze sichern seit vielen Jahren unseren Erfolg. Flache Hierarchien sorgen f\u00fcr kurze Entscheidungswege und flexible Abl\u00e4ufe im Unternehmen.<\/p>\n<p>[\/et_pb_accordion_item][et_pb_accordion_item title=&#8220;Maschinenf\u00fchrer Stanzen (m\/w\/d)&#8220; _builder_version=&#8220;4.27.2&#8243; _module_preset=&#8220;default&#8220; global_colors_info=&#8220;{}&#8220; open=&#8220;off&#8220;]<\/p>\n<h4>Wir zeigen klare Kante \u2013 die EM Ger\u00e4tebau GmbH in Mammendorf!<\/h4>\n<p>Sie sind motiviert, dynamisch, und m\u00f6chten Verantwortung \u00fcbernehmen? Dann sind Sie bei uns genau richtig!<\/p>\n<p>Wir, die EM Ger\u00e4tebau GmbH, suchen zum n\u00e4chstm\u00f6glichen Zeitpunkt einen CNC-Maschinenf\u00fchrer f\u00fcr unsere Abteilung Stanzen \/ Lasern (m\/w\/d), um unsere Zukunft gepr\u00e4gt von Wachstum, Kundenorientierung, Qualit\u00e4t, und Liefertreue erfolgreich zu gestalten!<\/p>\n<p><strong>Ihre Aufgaben:<\/strong><\/p>\n<ul>\n<li>Stanzen und Lasern von einfachen bis komplexen Bauteilen aus Edelstahl, Kupfer, Aluminium und weiteren Werkstoffen<\/li>\n<li>Selbstst\u00e4ndiges Einrichten und R\u00fcsten der CNC-Stanz \/ Lasermaschine<\/li>\n<li>Qualit\u00e4tskontrolle und Qualit\u00e4tssicherung der Bauteile<\/li>\n<li>Wartung und Instandhaltung des Maschinenparks<\/li>\n<\/ul>\n<p><strong>Wir bieten:<\/strong><\/p>\n<ul>\n<li>Einen modernen und spannenden Arbeitsplatz mit Entwicklungsperspektiven<\/li>\n<li>Leistungsgerechtes Gehalt mit \u00fcberdurchschnittlicher, betrieblicher Altersvorsorge<\/li>\n<li>Attraktives Schichtmodell<\/li>\n<li>Einen sicheren Arbeitsplatz<\/li>\n<li>Famili\u00e4res Arbeitsumfeld, in dem wir die Vornamen unserer Kollegen besser kennen als deren Nachnamen<\/li>\n<li>Flache Hierarchien mit kurzen Kommunikationswegen und \u201eChefs zum Anfassen\u201c<\/li>\n<li>Offene T\u00fcren und Ohren f\u00fcr Anregungen und Anmerkungen<\/li>\n<li>Verst\u00e4ndnisvolle und hilfsbereite Kollegen<\/li>\n<li>Kostenlose Getr\u00e4nke<\/li>\n<li>F\u00f6rderung und Unterst\u00fctzung der beruflichen und pers\u00f6nlichen Weiterbildung<\/li>\n<li>Betriebliche Gesundheitsvorsorge in Form eines Dienstfahrrades<\/li>\n<\/ul>\n<p><strong>Wir suchen:<\/strong><\/p>\n<ul>\n<li>Abgeschlossene technische Ausbildung in einem metallverarbeitenden Beruf<\/li>\n<li>Mehrj\u00e4hrige Berufserfahrung in der Blechbearbeitung<\/li>\n<li>Sicherer Umgang im Lesen von technischen Zeichnungen<\/li>\n<li>Ausgepr\u00e4gte Teamf\u00e4higkeit und hohe Einsatzbereitschaft<\/li>\n<li>Bereitschaft zur Schichtarbeit<\/li>\n<\/ul>\n<p>[\/et_pb_accordion_item][et_pb_accordion_item title=&#8220;Feinwerkmechaniker (m\/w\/d)&#8220; _builder_version=&#8220;4.20.4&#8243; _module_preset=&#8220;default&#8220; global_colors_info=&#8220;{}&#8220; open=&#8220;off&#8220;]<\/p>\n<h4>Wir zeigen klare Kante \u2013 die EM Ger\u00e4tebau GmbH in Mammendorf!<\/h4>\n<p>Sie sind motiviert, dynamisch, und m\u00f6chten Verantwortung \u00fcbernehmen? Dann sind Sie bei uns genau richtig!<\/p>\n<p>Wir, die EM Ger\u00e4tebau GmbH, suchen zum n\u00e4chstm\u00f6glichen Zeitpunkt Facharbeiter \/ Meister f\u00fcr unsere Abteilung mechanische Fertigung (m\/w\/d), um unsere Zukunft gepr\u00e4gt von Wachstum, Kundenorientierung, Qualit\u00e4t, und Liefertreue erfolgreich zu gestalten!<\/p>\n<p><strong>Ihre Aufgaben:<\/strong><\/p>\n<ul>\n<li>Verantwortlich f\u00fcr den Output &amp; die Qualit\u00e4t<\/li>\n<li>Einstellen &amp; R\u00fcsten unserer Maschinen<\/li>\n<li>Qualit\u00e4tskontrollen und Ableitung von Ma\u00dfnahmen<\/li>\n<li>Personalf\u00fchrung &amp; Personalentwicklung<\/li>\n<\/ul>\n<p><strong>Wir bieten:<\/strong><\/p>\n<ul>\n<li>Einen modernen und spannenden Arbeitsplatz mit Entwicklungsperspektiven<\/li>\n<li>Leistungsgerechtes Gehalt mit \u00fcberdurchschnittlicher, betrieblicher Altersvorsorge<\/li>\n<li>Einen sicheren Arbeitsplatz<\/li>\n<li>Famili\u00e4res Arbeitsumfeld, in dem wir die Vornamen unserer Kollegen besser kennen als deren Nachnamen<\/li>\n<li>Flache Hierarchien mit kurzen Kommunikationswegen und \u201eChefs zum Anfassen\u201c<\/li>\n<li>Offene T\u00fcren und Ohren f\u00fcr Anregungen und Anmerkungen<\/li>\n<li>Verst\u00e4ndnisvolle und hilfsbereite Kollegen<\/li>\n<li>Kostenlose Getr\u00e4nke<\/li>\n<li>F\u00f6rderung und Unterst\u00fctzung der beruflichen und pers\u00f6nlichen Weiterbildung<\/li>\n<li>Betriebliche Gesundheitsvorsorge in Form eines Dienstfahrrades<\/li>\n<\/ul>\n<p><strong>Wir suchen:<\/strong><\/p>\n<ul>\n<li>Abgeschlossene technische Ausbildung in einem metallverarbeitenden Beruf<\/li>\n<li>Mehrj\u00e4hrige Berufserfahrung in der Blechbearbeitung<\/li>\n<li>Sicherer Umgang im Lesen von technischen Zeichnungen<\/li>\n<li>Ausgepr\u00e4gte Teamf\u00e4higkeit und hohe Einsatzbereitschaft<\/li>\n<li>Bereitschaft zur Schichtarbeit<\/li>\n<\/ul>\n<p>[\/et_pb_accordion_item][et_pb_accordion_item title=&#8220;Fachkraft f\u00fcr Lager und Logistik (m\/w\/d)&#8220; _builder_version=&#8220;4.20.4&#8243; _module_preset=&#8220;default&#8220; global_colors_info=&#8220;{}&#8220; open=&#8220;off&#8220;]<\/p>\n<h4>Wir zeigen klare Kante \u2013 die EM Ger\u00e4tebau GmbH in Mammendorf!<\/h4>\n<p>Sie sind motiviert, dynamisch, und m\u00f6chten Verantwortung \u00fcbernehmen? Dann sind Sie bei uns genau richtig!<\/p>\n<p>Wir, die EM Ger\u00e4tebau GmbH, suchen zum n\u00e4chstm\u00f6glichen Zeitpunkt eine Fachkraft f\u00fcr Lager und Logistik (m\/w\/d), um unsere Zukunft gepr\u00e4gt von Wachstum, Kundenorientierung, Qualit\u00e4t, und Liefertreue erfolgreich zu gestalten!<\/p>\n<p><strong>Ihre Aufgaben:<\/strong><\/p>\n<ul>\n<li>Bearbeitung von Wareneing\u00e4ngen<\/li>\n<li>Buchungen im Warenwirtschaftssystem<\/li>\n<li>Durchf\u00fchrung von innerbetrieblichen Transporten<\/li>\n<li>Kommissionieren<\/li>\n<li>Zusammenstellung von Lieferungen und Beladung der Transportfahrzeuge<\/li>\n<li>Allgemeine T\u00e4tigkeiten im Rahmen der Versandlogistik<\/li>\n<\/ul>\n<p><strong>Wir bieten:<\/strong><\/p>\n<ul>\n<li>Einen modernen und spannenden Arbeitsplatz mit Entwicklungsperspektiven<\/li>\n<li>Leistungsgerechtes Gehalt mit \u00fcberdurchschnittlicher, betrieblicher Altersvorsorge<\/li>\n<li>Einen sicheren Arbeitsplatz<\/li>\n<li>Famili\u00e4res Arbeitsumfeld, in dem wir die Vornamen unserer Kollegen besser kennen als deren Nachnamen<\/li>\n<li>Flache Hierarchien mit kurzen Kommunikationswegen und \u201eChefs zum Anfassen\u201c<\/li>\n<li>Offene T\u00fcren und Ohren f\u00fcr Anregungen und Anmerkungen<\/li>\n<li>Verst\u00e4ndnisvolle und hilfsbereite Kollegen<\/li>\n<li>Kostenlose Getr\u00e4nke<\/li>\n<li>F\u00f6rderung und Unterst\u00fctzung der beruflichen und pers\u00f6nlichen Weiterbildung<\/li>\n<li>Betriebliche Gesundheitsvorsorge in Form eines Dienstfahrrades<\/li>\n<\/ul>\n<p><strong>Wir suchen:<\/strong><\/p>\n<ul>\n<li>Abgeschlossene Ausbildung zur Fachkraft f\u00fcr Lagerlogistik (m\/w\/d), o.\u00e4.<\/li>\n<li>Praktische Erfahrung in der Logistik \/ Lager<\/li>\n<li>Sicherer Umgang mit MS-Office und Warenwirtschaftssystemen<\/li>\n<li>Ausgepr\u00e4gte Teamf\u00e4higkeit und hohe Einsatzbereitschaft<\/li>\n<li>Hohes Qualit\u00e4tsbewusstsein und eine sorgf\u00e4ltige, l\u00f6sungsorientierte Arbeitsweise<\/li>\n<li>Besitz eines Staplerscheines<\/li>\n<li>Bereitschaft zur Schichtarbeit w\u00fcnschenswert<\/li>\n<\/ul>\n<p>[\/et_pb_accordion_item][et_pb_accordion_item title=&#8220;Beschichter f\u00fcr die Pulverbeschichtung (m\/w\/d)&#8220; _builder_version=&#8220;4.20.4&#8243; _module_preset=&#8220;default&#8220; global_colors_info=&#8220;{}&#8220; open=&#8220;off&#8220;]<\/p>\n<h4>Wir zeigen klare Kante \u2013 die EM Ger\u00e4tebau GmbH in Mammendorf!<\/h4>\n<p>Sie sind motiviert, dynamisch, und m\u00f6chten Verantwortung \u00fcbernehmen? Dann sind Sie bei uns genau richtig!<\/p>\n<p>Wir, die EM Ger\u00e4tebau GmbH, suchen zum n\u00e4chstm\u00f6glichen Zeitpunkt einen Beschichter f\u00fcr die Pulverbeschichtung (m\/w\/d), um unsere Zukunft gepr\u00e4gt von Wachstum, Kundenorientierung, Qualit\u00e4t, und Liefertreue erfolgreich zu gestalten!<\/p>\n<p><strong>Ihre Aufgaben:<\/strong><\/p>\n<ul>\n<li>Pulverbeschichtung von Metallbauteilen<\/li>\n<li>Vor- und Nachbearbeitung von Metallbauteilen<\/li>\n<li>Oberfl\u00e4chen der Metallbauteile reinigen und einfetten<\/li>\n<\/ul>\n<p><strong>Wir bieten:<\/strong><\/p>\n<ul>\n<li>Einen modernen und spannenden Arbeitsplatz mit Entwicklungsperspektiven<\/li>\n<li>Leistungsgerechtes Gehalt mit \u00fcberdurchschnittlicher, betrieblicher Altersvorsorge<\/li>\n<li>Attraktives Schichtmodell<\/li>\n<li>Einen sicheren Arbeitsplatz<\/li>\n<li>Famili\u00e4res Arbeitsumfeld, in dem wir die Vornamen unserer Kollegen besser kennen als deren Nachnamen<\/li>\n<li>Flache Hierarchien mit kurzen Kommunikationswegen und \u201eChefs zum Anfassen\u201c<\/li>\n<li>Offene T\u00fcren und Ohren f\u00fcr Anregungen und Anmerkungen<\/li>\n<li>Verst\u00e4ndnisvolle und hilfsbereite Kollegen<\/li>\n<li>Kostenlose Getr\u00e4nke<\/li>\n<li>F\u00f6rderung und Unterst\u00fctzung der beruflichen und pers\u00f6nlichen Weiterbildung<\/li>\n<li>Betriebliche Gesundheitsvorsorge in Form eines Dienstfahrrades<\/li>\n<\/ul>\n<p><strong>Wir suchen:<\/strong><\/p>\n<ul>\n<li>Abgeschlossene Ausbildung als Lackierer oder Erfahrung in der Pulverbeschichtung<\/li>\n<li>Sorgf\u00e4ltige Arbeitsweise und gutes handwerkliches Geschick<\/li>\n<li>Sicherer Umgang im Lesen von technischen Zeichnungen<\/li>\n<li>Ausgepr\u00e4gte Teamf\u00e4higkeit und hohe Einsatzbereitschaft<\/li>\n<li>Bereitschaft zur Schichtarbeit<\/li>\n<\/ul>\n<p>[\/et_pb_accordion_item][et_pb_accordion_item title=&#8220;Facharbeiter Schwei\u00dfen \u2013 WIG (m\/w\/d)&#8220; _builder_version=&#8220;4.20.4&#8243; _module_preset=&#8220;default&#8220; global_colors_info=&#8220;{}&#8220; open=&#8220;off&#8220;]<\/p>\n<h4>Wir zeigen klare Kante \u2013 die EM Ger\u00e4tebau GmbH in Mammendorf!<\/h4>\n<p>Sie sind motiviert, dynamisch, und m\u00f6chten Verantwortung \u00fcbernehmen? Dann sind Sie bei uns genau richtig!<\/p>\n<p>Wir, die EM Ger\u00e4tebau GmbH, suchen zum n\u00e4chstm\u00f6glichen Zeitpunkt einen Facharbeiter f\u00fcr unsere Abteilung Schwei\u00dfen (m\/w\/d), um unsere Zukunft gepr\u00e4gt von Wachstum, Kundenorientierung, Qualit\u00e4t, und Liefertreue erfolgreich zu gestalten!<\/p>\n<p><strong>Ihre Aufgaben:<\/strong><\/p>\n<ul>\n<li>Durchf\u00fchren von Schwei\u00dfarbeiten an D\u00fcnnblech-Baugruppen aus Aluminium, Edelstahl und Stahl nach Vorgabe<\/li>\n<li>Selbstst\u00e4ndiges Arbeiten nach Konstruktionszeichnungen<\/li>\n<li>Qualit\u00e4tskontrolle und Qualit\u00e4tssicherung der Bauteile<\/li>\n<li>Vor- und Nachbearbeitung der Bauteile und Baugruppen nach Konstruktionszeichnungen<\/li>\n<li>Durchf\u00fchren von Wartungs- und Reinigungsarbeiten an den verwendeten Werkzeugen<\/li>\n<\/ul>\n<p><strong>Wir bieten:<\/strong><\/p>\n<ul>\n<li>Einen modernen und spannenden Arbeitsplatz mit Entwicklungsperspektiven<\/li>\n<li>Leistungsgerechtes Gehalt mit \u00fcberdurchschnittlicher, betrieblicher Altersvorsorge<\/li>\n<li>Attraktives Schichtmodell<\/li>\n<li>Einen sicheren Arbeitsplatz<\/li>\n<li>Famili\u00e4res Arbeitsumfeld, in dem wir die Vornamen unserer Kollegen besser kennen als deren Nachnamen<\/li>\n<li>Flache Hierarchien mit kurzen Kommunikationswegen und \u201eChefs zum Anfassen\u201c<\/li>\n<li>Offene T\u00fcren und Ohren f\u00fcr Anregungen und Anmerkungen<\/li>\n<li>Verst\u00e4ndnisvolle und hilfsbereite Kollegen<\/li>\n<li>Kostenlose Getr\u00e4nke<\/li>\n<li>F\u00f6rderung und Unterst\u00fctzung der beruflichen und pers\u00f6nlichen Weiterbildung<\/li>\n<li>Betriebliche Gesundheitsvorsorge in Form eines Dienstfahrrades<\/li>\n<\/ul>\n<p><strong>Wir suchen:<\/strong><\/p>\n<ul>\n<li>Abgeschlossene technische Ausbildung in einem metallverarbeitenden Beruf<\/li>\n<li>Schwei\u00dfkenntnisse in WIG \u2013 Schwei\u00dfverfahren, vorzugsweise im D\u00fcnnblechbereich<\/li>\n<li>Sicherer Umgang im Lesen von technischen Zeichnungen<\/li>\n<li>Ausgepr\u00e4gte Teamf\u00e4higkeit und hohe Einsatzbereitschaft<\/li>\n<li>Bereitschaft zur Schichtarbeit<\/li>\n<\/ul>\n<p>[\/et_pb_accordion_item][et_pb_accordion_item title=&#8220;Werkstudent (m\/w\/d)&#8220; _builder_version=&#8220;4.27.2&#8243; _module_preset=&#8220;default&#8220; global_colors_info=&#8220;{}&#8220; open=&#8220;off&#8220;]<\/p>\n<p><strong>Wir zeigen klare Kante \u2013 die EM Ger\u00e4tebau GmbH in Mammendorf!<\/strong><\/p>\n<p><strong>Werkstudent (m\/w\/d) in den Bereichen Maschinenbau, Mechatronik, Elektrotechnik, Wirtschaftsingenieurwesen oder Automatisierungstechnik<\/strong><\/p>\n<p>&nbsp;<\/p>\n<p><strong>Wir bei EM-Ger\u00e4tebau GmbH setzen auf Innovation \u2013 und SIE k\u00f6nnen dabei sein!<\/strong><\/p>\n<p>&nbsp;<\/p>\n<p>Sie sind auf der Suche nach einer spannenden Herausforderung, die Ihnen praxisnahe Einblicke in verschiedenste technische Prozesse bietet? Dann sind Sie bei uns genau richtig!<\/p>\n<p>&nbsp;<\/p>\n<p><strong>Ihre m\u00f6glichen Aufgaben:<\/strong><\/p>\n<ul>\n<li><strong>3D-Messger\u00e4te:<\/strong> Unterst\u00fctzung bei der Anleitung und Anwendung von 3D-Messger\u00e4ten zur Qualit\u00e4tssicherung<\/li>\n<li><strong>Programmierung und Automatisierung:<\/strong> Entwicklung und Anpassung von Programmen in Visual Studio f\u00fcr unterschiedliche Anwendungen und Fertigungsprozesse<\/li>\n<li><strong>Fertigungsoptimierung:<\/strong> Analyse und Optimierung von Fertigungsprozessen, um Effizienz und Qualit\u00e4t weiter zu steigern<\/li>\n<li><strong>CE:<\/strong> Unterst\u00fctzung bei der Erstellung von CE-Konformit\u00e4tserkl\u00e4rungen und Dokumentationen<\/li>\n<li><strong>Robotik:<\/strong> Mitarbeit an der Steuerung und Analyse von Automatisierungssystemen<\/li>\n<li><strong>Technische Unterst\u00fctzung:<\/strong> Erarbeitung und Implementierung von L\u00f6sungen f\u00fcr technische Fragestellungen im Bereich Maschinenbau, Elektrotechnik oder Mechatronik<\/li>\n<li><strong>Projektmitarbeit:<\/strong> Begleitung und eigenst\u00e4ndige Bearbeitung von Projekten zur Verbesserung von Produktionsabl\u00e4ufen und der Prozessautomatisierung<\/li>\n<\/ul>\n<p>&nbsp;<\/p>\n<p><strong>Wir bieten:<\/strong><\/p>\n<ul>\n<li><strong>Praxisnahe Erfahrungen:<\/strong> Spannende Aufgaben in einem innovativen und zukunftsorientierten Unternehmen<\/li>\n<li><strong>Flexibilit\u00e4t:<\/strong> Flexible Arbeitszeiten, die sich gut mit deinem Studium vereinbaren lassen<\/li>\n<li><strong>Professionelle Weiterentwicklung:<\/strong> Intensive Einarbeitung und regelm\u00e4\u00dfige Feedbackgespr\u00e4che zur F\u00f6rderung deiner fachlichen und pers\u00f6nlichen Entwicklung<\/li>\n<li><strong>Teamarbeit:<\/strong> Ein freundliches und motiviertes Team, das dich unterst\u00fctzt und bei dem du dich aktiv einbringen kannst<\/li>\n<li><strong>Modernes Arbeitsumfeld:<\/strong> Die M\u00f6glichkeit, mit neuesten Technologien und Tools zu arbeiten (z.B. 3D-Messger\u00e4te,Visual Studio)<\/li>\n<\/ul>\n<p>&nbsp;<\/p>\n<p><strong>Wir suchen:<\/strong><\/p>\n<ul>\n<li><strong>Studierende:<\/strong> Sie befinden sich im Studium eines technischen Studiengangs (Maschinenbau, Mechatronik, Elektrotechnik, Wirtschaftsingenieurwesen, Automatisierungstechnik o.\u00c4.)<\/li>\n<li><strong>Technisches Verst\u00e4ndnis:<\/strong> Sie haben ein starkes Interesse an technischen Fragestellungen und verf\u00fcgen idealerweise \u00fcber erste Erfahrungen in der Programmierung<\/li>\n<li><strong>Analytische F\u00e4higkeiten:<\/strong> Sie denken l\u00f6sungsorientiert, haben ein gutes r\u00e4umliches Vorstellungsverm\u00f6gen und ein gutes Auge f\u00fcr Details<\/li>\n<li><strong>Teamplayer:<\/strong> Sie arbeiten gerne im Team, bringen Ideen ein und sind bereit, Verantwortung zu \u00fcbernehmen<\/li>\n<li><strong>Engagement:<\/strong> Sie sind motiviert, m\u00f6chten sich weiterentwickeln und haben Freude an der Arbeit in einem dynamischen Umfeld<\/li>\n<\/ul>\n<p>&nbsp;<\/p>\n<p><strong>Sind Sie bereit, die Zukunft mit uns zu gestalten?<\/strong><\/p>\n<p>Dann freuen wir uns auf Ihre Bewerbung! Senden Sie uns Ihre Unterlagen inklusive Lebenslaufs, Zeugnissen und einer kurzen Vorstellung Ihrer Motivation, warum Sie der perfekte Werkstudent f\u00fcr uns sind per E-Mail (<a href=\"mailto:Bewerbung@wordpress-relaunch-2025.p543535.webspaceconfig.de\">Bewerbung@wordpress-relaunch-2025.p543535.webspaceconfig.de<\/a>).<\/p>\n<p><strong>EM-Ger\u00e4tebau GmbH \u2013 Wir freuen uns, Sie kennenzulernen!<\/strong><\/p>\n<p>EM Ger\u00e4tebau GmbH<br \/>Ahornstra\u00dfe 10-14<br \/>82291 Mammendorf<\/p>\n<p>Bei R\u00fcckfragen k\u00f6nnen Sie uns gerne jederzeit kontaktieren: +49 8145\u00a0921-300<\/p>\n<p>Die EM Ger\u00e4tebau GmbH ist ein mittelst\u00e4ndisches, erfolgreiches Unternehmen im Westen von M\u00fcnchen. Hier fertigen rund 130 Mitarbeiter speziell nach den Anforderungen namhafter nationaler wie auch internationaler Kunden auf modernen CNC-Werkzeugmaschinen Pr\u00e4zisionsblechteile f\u00fcr die Elektronikindustrie, Medizintechnik und viele andere Bereiche. Auf Marktbed\u00fcrfnisse wegweisend und schnell reagieren, rationell produzieren und konstante Qualit\u00e4t garantieren \u2013 diese Grunds\u00e4tze sichern seit vielen Jahren unseren Erfolg. Flache Hierarchien sorgen f\u00fcr kurze Entscheidungswege und flexible Abl\u00e4ufe im Unternehmen.<\/p>\n<p>[\/et_pb_accordion_item][\/et_pb_accordion][\/et_pb_column][et_pb_column type=&#8220;1_2&#8243; _builder_version=&#8220;4.16&#8243; _module_preset=&#8220;default&#8220; global_colors_info=&#8220;{}&#8220;][et_pb_image src=&#8220;https:\/\/emg-gmbh.de\/wp-content\/uploads\/2023\/06\/EM-Geraetebau-Mammendorf-Fertigung.jpg&#8220; alt=&#8220;Fertigung&#8220; title_text=&#8220;Fertigung&#8220; _builder_version=&#8220;4.20.4&#8243; _module_preset=&#8220;default&#8220; animation_style=&#8220;flip&#8220; animation_direction=&#8220;left&#8220; animation_delay=&#8220;200ms&#8220; global_colors_info=&#8220;{}&#8220;][\/et_pb_image][\/et_pb_column][\/et_pb_row][\/et_pb_section][et_pb_section fb_built=&#8220;1&#8243; specialty=&#8220;on&#8220; module_id=&#8220;kontakt-container&#8220; _builder_version=&#8220;4.16&#8243; _module_preset=&#8220;default&#8220; global_colors_info=&#8220;{}&#8220;][et_pb_column type=&#8220;1_2&#8243; _builder_version=&#8220;4.16&#8243; custom_padding=&#8220;|||&#8220; global_colors_info=&#8220;{}&#8220; custom_padding__hover=&#8220;|||&#8220;][et_pb_text admin_label=&#8220;Formular&#8220; module_id=&#8220;bewerbungsformular&#8220; _builder_version=&#8220;4.17.0&#8243; _module_preset=&#8220;default&#8220; global_colors_info=&#8220;{}&#8220;]<\/p>\n<h3>Jetzt online bewerben:<\/h3>\n\n<div class=\"wpcf7 no-js\" id=\"wpcf7-f1057-o1\" lang=\"de-DE\" dir=\"ltr\" data-wpcf7-id=\"1057\">\n<div class=\"screen-reader-response\"><p role=\"status\" aria-live=\"polite\" aria-atomic=\"true\"><\/p> <ul><\/ul><\/div>\n<form action=\"\/en\/wp-json\/wp\/v2\/pages\/1058#wpcf7-f1057-o1\" method=\"post\" class=\"wpcf7-form init\" aria-label=\"Kontaktformular\" enctype=\"multipart\/form-data\" novalidate=\"novalidate\" data-status=\"init\">\n<fieldset class=\"hidden-fields-container\"><input type=\"hidden\" name=\"_wpcf7\" value=\"1057\" \/><input type=\"hidden\" name=\"_wpcf7_version\" value=\"6.1.7\" \/><input type=\"hidden\" name=\"_wpcf7_locale\" value=\"de_DE\" \/><input type=\"hidden\" name=\"_wpcf7_unit_tag\" value=\"wpcf7-f1057-o1\" \/><input type=\"hidden\" name=\"_wpcf7_container_post\" value=\"0\" \/><input type=\"hidden\" name=\"_wpcf7_posted_data_hash\" value=\"\" \/>\n<\/fieldset>\n<p><label for=\"der-vorname\" class=\"sr-only\" autocomplete=\"given-name\">Vorname (Pflichtfeld)<\/label><span class=\"wpcf7-form-control-wrap\" data-name=\"der-vorname\"><input size=\"40\" maxlength=\"400\" class=\"wpcf7-form-control wpcf7-text wpcf7-validates-as-required\" id=\"der-vorname\" aria-required=\"true\" aria-invalid=\"false\" value=\"\" type=\"text\" name=\"der-vorname\" \/><\/span>\n<\/p>\n<p><label for=\"der-name\" class=\"sr-only\" autocomplete=\"given-name\">Name (Pflichtfeld)<\/label><span class=\"wpcf7-form-control-wrap\" data-name=\"der-name\"><input size=\"40\" maxlength=\"400\" class=\"wpcf7-form-control wpcf7-text wpcf7-validates-as-required\" id=\"der-name\" aria-required=\"true\" aria-invalid=\"false\" value=\"\" type=\"text\" name=\"der-name\" \/><\/span><span id=\"wpcf7-6a9bd0458c526-wrapper\" class=\"wpcf7-form-control-wrap cf7apps-honeypot-wrap der-betreff-wrap\" data-cf7apps-honeypot=\"der-betreff\" style=\"position:absolute;width:1px;height:1px;padding:0;margin:-1px;overflow:hidden;clip:rect(0,0,0,0);white-space:nowrap;border:0;\"><input type=\"hidden\" name=\"der-betreff-random-hash\" value=\"20260905\"><input type=\"hidden\" name=\"der-betreff-time-token\" value=\"MTc4ODU5NjI5Mw==.2270211a9965527412fc94d9fe6448e6baccb013d83babc5ccb471b9563c2c0c\"><label\n\t\t    for=\"wpcf7-6a9bd0458c526-field\"\n\t\t    class=\"hp-message\"\n        >Bitte lasse dieses Feld leer.<\/label><input\n\t    id=\"wpcf7-6a9bd0458c526-field\"\n\t    \n\t    class=\"wpcf7-form-control wpcf7-text\"\n\t    type=\"text\"\n\t    name=\"cclnduhjh9vn\"\n\t    value=\"\"\n\t    autocomplete=\"new-password\"\n\t    tabindex=\"1000\"\n\t    data-cf7apps-tabindex=\"1000\"\n    \/><\/span>\n<\/p>\n<p><label for=\"die-nummer\" class=\"sr-only\" autocomplete=\"given-phone\">Telefonnummer (optional)<\/label><span class=\"wpcf7-form-control-wrap\" data-name=\"die-nummer\"><input size=\"40\" maxlength=\"400\" class=\"wpcf7-form-control wpcf7-text\" id=\"die-nummer\" aria-invalid=\"false\" value=\"\" type=\"text\" name=\"die-nummer\" \/><\/span>\n<\/p>\n<p><label for=\"die-email\" class=\"sr-only\" autocomplete=\"given-email\">E-Mail (Pflichtfeld)<\/label><span class=\"wpcf7-form-control-wrap\" data-name=\"die-email\"><input size=\"40\" maxlength=\"400\" class=\"wpcf7-form-control wpcf7-email wpcf7-validates-as-required wpcf7-text wpcf7-validates-as-email\" id=\"die-email\" aria-required=\"true\" aria-invalid=\"false\" value=\"\" type=\"email\" name=\"die-email\" \/><\/span><span id=\"wpcf7-6a9bd0458ca49-wrapper\" class=\"wpcf7-form-control-wrap cf7apps-honeypot-wrap die-adresse-wrap\" data-cf7apps-honeypot=\"die-adresse\" style=\"position:absolute;width:1px;height:1px;padding:0;margin:-1px;overflow:hidden;clip:rect(0,0,0,0);white-space:nowrap;border:0;\"><input type=\"hidden\" name=\"die-adresse-random-hash\" value=\"20260905\"><input type=\"hidden\" name=\"die-adresse-time-token\" value=\"MTc4ODU5NjI5Mw==.cce507d92e3dfe815a6225b6f2005f3a26dbf759ce5450965ab72abfd868c758\"><label\n\t\t    for=\"wpcf7-6a9bd0458ca49-field\"\n\t\t    class=\"hp-message\"\n        >Bitte lasse dieses Feld leer.<\/label><input\n\t    id=\"wpcf7-6a9bd0458ca49-field\"\n\t    \n\t    class=\"wpcf7-form-control wpcf7-text\"\n\t    type=\"text\"\n\t    name=\"jl4hfauqn4id\"\n\t    value=\"\"\n\t    autocomplete=\"new-password\"\n\t    tabindex=\"1000\"\n\t    data-cf7apps-tabindex=\"1000\"\n    \/><\/span>\n<\/p>\n<p><label for=\"die-bewerbung\" class=\"sr-only\" autocomplete=\"given-application\">Bewerbung als (Pflichtfeld)<\/label><span class=\"wpcf7-form-control-wrap\" data-name=\"die-bewerbung\"><input size=\"40\" maxlength=\"400\" class=\"wpcf7-form-control wpcf7-text wpcf7-validates-as-required\" id=\"die-bewerbung\" aria-required=\"true\" aria-invalid=\"false\" value=\"\" type=\"text\" name=\"die-bewerbung\" \/><\/span>\n<\/p>\n<p><br \/>\n<label for=\"upload-file\"><br \/>\n<strong>Datei als.jpg, .jpeg, .pdf, .doc oder .docx hochladen (max. 2MB):<\/strong><br \/>\n<\/label>\n<\/p>\n<p><span class=\"wpcf7-form-control-wrap\" data-name=\"upload-file\"><input size=\"40\" class=\"wpcf7-form-control wpcf7-file wpcf7-validates-as-required\" id=\"upload-file\" accept=\".jpg,.jpeg,.pdf,.doc,.docx\" aria-required=\"true\" aria-invalid=\"false\" type=\"file\" name=\"upload-file\" \/><\/span>\n<\/p>\n<p><label for=\"die-message\" class=\"sr-only\" autocomplete=\"given-message\">Nachricht (optional)<\/label><span class=\"wpcf7-form-control-wrap\" data-name=\"die-message\"><textarea cols=\"40\" rows=\"10\" maxlength=\"2000\" class=\"wpcf7-form-control wpcf7-textarea\" id=\"die-message\" aria-invalid=\"false\" name=\"die-message\"><\/textarea><\/span>\n<\/p>\n<p><label for=\"captcha-antwort\">Sicherheitscode (Pflichtfeld)<\/label>\n<\/p>\n<div role=\"group\" aria-labelledby=\"captcha-info\">\n\t<p id=\"captcha-info\">Bitte den Code aus dem Bild einf\u00fcgen\n\t<\/p>\n\t<p><input type=\"hidden\" name=\"_wpcf7_captcha_challenge_sicherheit\" value=\"2348224933\" \/><img loading=\"lazy\" decoding=\"async\" class=\"wpcf7-form-control wpcf7-captchac wpcf7-captcha-sicherheit\" width=\"72\" height=\"24\" alt=\"captcha\" src=\"https:\/\/emg-gmbh.de\/wp-content\/uploads\/wpcf7_captcha\/2348224933.png\" \/><br \/>\n<span class=\"wpcf7-form-control-wrap\" data-name=\"sicherheit\"><input size=\"40\" class=\"wpcf7-form-control wpcf7-captchar\" id=\"captcha-antwort\" autocomplete=\"off\" aria-invalid=\"false\" value=\"\" type=\"text\" name=\"sicherheit\" \/><\/span>\n\t<\/p>\n<\/div>\n<p class=\"datcheck\"><br \/>\n<span class=\"wpcf7-form-control-wrap\" data-name=\"your-datenschutz\"><span class=\"wpcf7-form-control wpcf7-acceptance\"><span class=\"wpcf7-list-item\"><label><input type=\"checkbox\" name=\"your-datenschutz\" value=\"1\" aria-invalid=\"false\" \/><span class=\"wpcf7-list-item-label\">Zustimmung zur Datenschutzerkl\u00e4rung erforderlich<\/span><\/label><\/span><\/span><\/span><br \/>\nIch habe die <a href=\"\/datenschutzerklaerung\" target=\"_blank\">Datenschutzerkl\u00e4rung<\/a> zur Kenntnis genommen.\n<\/p>\n<p><input class=\"wpcf7-form-control wpcf7-submit has-spinner\" type=\"submit\" value=\"Jetzt bewerben\" \/>\n<\/p><div class=\"wpcf7-response-output\" aria-hidden=\"true\"><\/div>\n<\/form>\n<\/div>\n\n<p>[\/et_pb_text][\/et_pb_column][et_pb_column type=&#8220;1_2&#8243; specialty_columns=&#8220;2&#8243; _builder_version=&#8220;4.16&#8243; custom_padding=&#8220;|||&#8220; global_colors_info=&#8220;{}&#8220; custom_padding__hover=&#8220;|||&#8220;][et_pb_row_inner _builder_version=&#8220;4.16&#8243; _module_preset=&#8220;default&#8220; global_colors_info=&#8220;{}&#8220;][et_pb_column_inner saved_specialty_column_type=&#8220;1_2&#8243; _builder_version=&#8220;4.16&#8243; _module_preset=&#8220;default&#8220; global_colors_info=&#8220;{}&#8220;][et_pb_text admin_label=&#8220;Top-Line&#8220; module_class=&#8220;text-top-line&#8220; _builder_version=&#8220;4.19.5&#8243; _module_preset=&#8220;default&#8220; global_colors_info=&#8220;{}&#8220;]<\/p>\n<p>Karriere bei EM Ger\u00e4tebau<\/p>\n<p>[\/et_pb_text][et_pb_text admin_label=&#8220;H2 und Text&#8220; _builder_version=&#8220;4.19.5&#8243; _module_preset=&#8220;default&#8220; global_colors_info=&#8220;{}&#8220;]<\/p>\n<h2>Haben wir Ihr Interesse geweckt?<\/h2>\n<p><strong>Dann senden Sie ihre Bewerbung <\/strong><strong>bitte<br \/>per E-Mail an<\/strong><\/p>\n<p>[\/et_pb_text][et_pb_blurb use_icon=&#8220;on&#8220; font_icon=&#8220;&#xe076;||divi||400&#8243; admin_label=&#8220;E-Mail&#8220; _builder_version=&#8220;4.27.4&#8243; _module_preset=&#8220;default&#8220; saved_tabs=&#8220;all&#8220; global_colors_info=&#8220;{}&#8220;]<a href=\"mailto:bewerbung@emg-gmbh.de\">bewerbung@emg-gmbh.de<\/a>[\/et_pb_blurb][et_pb_text admin_label=&#8220;H2 und Text&#8220; _builder_version=&#8220;4.19.5&#8243; _module_preset=&#8220;default&#8220; global_colors_info=&#8220;{}&#8220;]<\/p>\n<p><strong>per Post an<\/strong><\/p>\n<p>[\/et_pb_text][et_pb_text _builder_version=&#8220;4.20.4&#8243; _module_preset=&#8220;default&#8220; global_colors_info=&#8220;{}&#8220;]<\/p>\n<p><strong>EM Ger\u00e4tebau GmbH<\/strong><\/p>\n<p><strong>z.Hd.: Daniel Henle<\/strong><\/p>\n<p>[\/et_pb_text][et_pb_blurb use_icon=&#8220;on&#8220; font_icon=&#8220;&#xe081;||divi||400&#8243; admin_label=&#8220;Adresse&#8220; _builder_version=&#8220;4.19.5&#8243; _module_preset=&#8220;default&#8220; global_module=&#8220;410&#8243; saved_tabs=&#8220;all&#8220; global_colors_info=&#8220;{}&#8220;]<\/p>\n<p>Ahornstra\u00dfe 8 &#8211; 14<br \/>82291 Mammendorf<br \/>Germany<\/p>\n<p>[\/et_pb_blurb][et_pb_text _builder_version=&#8220;4.19.5&#8243; _module_preset=&#8220;default&#8220; global_colors_info=&#8220;{}&#8220;]<\/p>\n<p><strong>Bei R\u00fcckfragen erreichen Sie uns auch telefonisch unter<\/strong><\/p>\n<p>[\/et_pb_text][et_pb_blurb use_icon=&#8220;on&#8220; font_icon=&#8220;&#xf879;||fa||900&#8243; admin_label=&#8220;Telefon&#8220; _builder_version=&#8220;4.27.4&#8243; _module_preset=&#8220;default&#8220; global_module=&#8220;327&#8243; saved_tabs=&#8220;all&#8220; global_colors_info=&#8220;{}&#8220;]<\/p>\n<p><a href=\"tel:+4908145921300\">08145 921 &#8211; 300<\/a><\/p>\n<p>[\/et_pb_blurb][\/et_pb_column_inner][\/et_pb_row_inner][\/et_pb_column][\/et_pb_section]<\/p>\n","protected":false},"excerpt":{"rendered":"<p>Karriere bei EM Ger\u00e4tebau GmbHJobs in Mammendorf bei M\u00fcnchenUnsere UnternehmenskulturDie EM Ger\u00e4tebau blickt auf eine langj\u00e4hrige Geschichte im Bereich der Blechbearbeitung zur\u00fcck. Gemeinsam sind wir mit allen Herausforderungen der letzten Jahre und Jahrzehnte gewachsen. Wir sind stolz auf unser erfahrenes und loyales Team. &nbsp; Jeder Einzelne ist ein Experte auf seinem Gebiet, aber alle arbeiten [&hellip;]<\/p>\n","protected":false},"author":4,"featured_media":1294,"parent":0,"menu_order":0,"comment_status":"closed","ping_status":"closed","template":"","meta":{"_et_pb_use_builder":"on","_et_pb_old_content":"","_et_gb_content_width":"","footnotes":""},"class_list":["post-1058","page","type-page","status-publish","has-post-thumbnail","hentry"],"_links":{"self":[{"href":"https:\/\/emg-gmbh.de\/en\/wp-json\/wp\/v2\/pages\/1058","targetHints":{"allow":["GET"]}}],"collection":[{"href":"https:\/\/emg-gmbh.de\/en\/wp-json\/wp\/v2\/pages"}],"about":[{"href":"https:\/\/emg-gmbh.de\/en\/wp-json\/wp\/v2\/types\/page"}],"author":[{"embeddable":true,"href":"https:\/\/emg-gmbh.de\/en\/wp-json\/wp\/v2\/users\/4"}],"replies":[{"embeddable":true,"href":"https:\/\/emg-gmbh.de\/en\/wp-json\/wp\/v2\/comments?post=1058"}],"version-history":[{"count":10,"href":"https:\/\/emg-gmbh.de\/en\/wp-json\/wp\/v2\/pages\/1058\/revisions"}],"predecessor-version":[{"id":2586,"href":"https:\/\/emg-gmbh.de\/en\/wp-json\/wp\/v2\/pages\/1058\/revisions\/2586"}],"wp:featuredmedia":[{"embeddable":true,"href":"https:\/\/emg-gmbh.de\/en\/wp-json\/wp\/v2\/media\/1294"}],"wp:attachment":[{"href":"https:\/\/emg-gmbh.de\/en\/wp-json\/wp\/v2\/media?parent=1058"}],"curies":[{"name":"wp","href":"https:\/\/api.w.org\/{rel}","templated":true}]}}